{"id":2450,"date":"2021-04-16T07:11:01","date_gmt":"2021-04-16T07:11:01","guid":{"rendered":"http:\/\/localhost:8888\/educato\/?post_type=courses&#038;p=2450"},"modified":"2026-01-20T21:04:05","modified_gmt":"2026-01-20T21:04:05","slug":"ensino-fundamental-2","status":"publish","type":"courses","link":"https:\/\/colegioimaculadaiic.com.br\/index.php\/courses\/ensino-fundamental-2\/","title":{"rendered":"Ensino Fundamental 2- Anos Finais"},"content":{"rendered":"\n<p>Anos Finais (EFAF)<\/p>\n\n\n<p><span class=\"dropcap\">O <\/span>Ensino Fundamental \u2013 Anos Finais (6\u00ba ao 9\u00ba ano) \u00e9 uma etapa decisiva na forma\u00e7\u00e3o acad\u00eamica, pessoal e social dos estudantes. \u00c9 nesse per\u00edodo que eles consolidam conhecimentos fundamentais, ampliam sua capacidade cr\u00edtica e desenvolvem autonomia para aprender, conviver e fazer escolhas conscientes.<\/p>\n<p>Em nossa escola, o EFAF \u00e9 pensado como um espa\u00e7o de <strong>crescimento integral<\/strong>, que une <strong>excel\u00eancia acad\u00eamica<\/strong>, <strong>cuidado humano e forma\u00e7\u00e3o de valores<\/strong>. Para isso, contamos com o <strong>Sistema Poliedro de Ensino<\/strong>, reconhecido nacionalmente pela qualidade de seus materiais did\u00e1ticos, organiza\u00e7\u00e3o curricular e apoio pedag\u00f3gico, o que garante uma base s\u00f3lida e progressiva de aprendizagem.<\/p>\n<p>Nossa proposta pedag\u00f3gica valoriza:<\/p>\n<p>A <strong>constru\u00e7\u00e3o consistente do conhecimento<\/strong>, com materiais estruturados e alinhados \u00e0 BNCC;<\/p>\n<p>O desenvolvimento do <strong>pensamento cr\u00edtico, da argumenta\u00e7\u00e3o e da criatividade<\/strong>;<\/p>\n<p>O uso de <strong>metodologias ativas,<\/strong> mediadas pelo professor e apoiadas pelo material Poliedro;<\/p>\n<p>A <strong>avalia\u00e7\u00e3o cont\u00ednua<\/strong>, como instrumento de acompanhamento e crescimento;<\/p>\n<p>O fortalecimento das <strong>compet\u00eancias socioemocionais<\/strong>, fundamentais para essa fase de transi\u00e7\u00e3o.<\/p>\n<p>Aliando o <strong>Sistema Poliedro<\/strong> \u00e0 atua\u00e7\u00e3o de uma <strong>equipe docente experiente e<\/strong> <strong>comprometida<\/strong>, oferecemos um acompanhamento pr\u00f3ximo e individualizado, com di\u00e1logo constante entre escola, aluno e fam\u00edlia. A coordena\u00e7\u00e3o pedag\u00f3gica atua de forma presente, garantindo coer\u00eancia, acolhimento e qualidade no processo educativo.<\/p>\n<p>Nossa escola se caracteriza por ser um ambiente:<\/p>\n<p><strong>Seguro, acolhedor e respeitoso;<\/strong><\/p>\n<p>Que valoriza a <strong>escuta, o di\u00e1logo e o v\u00ednculo;<\/strong><\/p>\n<p>Que entende a educa\u00e7\u00e3o como um processo cont\u00ednuo de forma\u00e7\u00e3o humana;<\/p>\n<p>Que prepara o aluno para os desafios acad\u00eamicos dos anos seguintes e para a vida em sociedade.<\/p>\n<p>No EFAF, formamos alunos com bases s\u00f3lidas, autonomia crescente e responsabilidade, preparando-os para uma trajet\u00f3ria escolar segura e consistente.<\/p>","protected":false},"excerpt":{"rendered":"<p>Anos Finais (EFAF) O Ensino Fundamental \u2013 Anos Finais (6\u00ba ao 9\u00ba ano) \u00e9 uma etapa decisiva na forma\u00e7\u00e3o acad\u00eamica, pessoal e social dos estudantes. \u00c9 nesse per\u00edodo que eles consolidam conhecimentos fundamentais, ampliam sua capacidade cr\u00edtica e desenvolvem autonomia para aprender, conviver e fazer escolhas conscientes. Em nossa escola, o EFAF \u00e9 pensado como [&hellip;]<\/p>\n","protected":false},"featured_media":2861,"menu_order":3,"template":"","meta":{"_monsterinsights_skip_tracking":false,"_monsterinsights_sitenote_active":false,"_monsterinsights_sitenote_note":"","_monsterinsights_sitenote_category":0},"categories":[1],"class_list":["post-2450","courses","type-courses","status-publish","has-post-thumbnail","hentry","category-uncategorized"],"yoast_head":"<!-- This site is optimized with the Yoast SEO plugin v27.4 - https:\/\/yoast.com\/product\/yoast-seo-wordpress\/ -->\n<title>Ensino Fundamental 2- Anos Finais - Col\u00e9gio Imaculada Concei\u00e7\u00e3o<\/title>\n<meta name=\"robots\" content=\"index, follow, max-snippet:-1, max-image-preview:large, max-video-preview:-1\" \/>\n<link rel=\"canonical\" href=\"https:\/\/colegioimaculadaiic.com.br\/index.php\/courses\/ensino-fundamental-2\/\" \/>\n<meta property=\"og:locale\" content=\"pt_BR\" \/>\n<meta property=\"og:type\" content=\"article\" \/>\n<meta property=\"og:title\" content=\"Ensino Fundamental 2- Anos Finais - Col\u00e9gio Imaculada Concei\u00e7\u00e3o\" \/>\n<meta property=\"og:description\" content=\"Anos Finais (EFAF) O Ensino Fundamental \u2013 Anos Finais (6\u00ba ao 9\u00ba ano) \u00e9 uma etapa decisiva na forma\u00e7\u00e3o acad\u00eamica, pessoal e social dos estudantes. \u00c9 nesse per\u00edodo que eles consolidam conhecimentos fundamentais, ampliam sua capacidade cr\u00edtica e desenvolvem autonomia para aprender, conviver e fazer escolhas conscientes. Em nossa escola, o EFAF \u00e9 pensado como [&hellip;]\" \/>\n<meta property=\"og:url\" content=\"https:\/\/colegioimaculadaiic.com.br\/index.php\/courses\/ensino-fundamental-2\/\" \/>\n<meta property=\"og:site_name\" content=\"Col\u00e9gio Imaculada Concei\u00e7\u00e3o\" \/>\n<meta property=\"article:publisher\" content=\"https:\/\/www.facebook.com\/institutoimaculadaconceicao\/?locale=pt_BR\" \/>\n<meta property=\"article:modified_time\" content=\"2026-01-20T21:04:05+00:00\" \/>\n<meta property=\"og:image\" content=\"https:\/\/colegioimaculadaiic.com.br\/wp-content\/uploads\/2025\/12\/courses-img3.png\" \/>\n\t<meta property=\"og:image:width\" content=\"462\" \/>\n\t<meta property=\"og:image:height\" content=\"412\" \/>\n\t<meta property=\"og:image:type\" content=\"image\/png\" \/>\n<meta name=\"twitter:card\" content=\"summary_large_image\" \/>\n<meta name=\"twitter:label1\" content=\"Est. tempo de leitura\" \/>\n\t<meta name=\"twitter:data1\" content=\"1 minuto\" \/>\n<script type=\"application\/ld+json\" class=\"yoast-schema-graph\">{\"@context\":\"https:\\\/\\\/schema.org\",\"@graph\":[{\"@type\":\"WebPage\",\"@id\":\"https:\\\/\\\/colegioimaculadaiic.com.br\\\/index.php\\\/courses\\\/ensino-fundamental-2\\\/\",\"url\":\"https:\\\/\\\/colegioimaculadaiic.com.br\\\/index.php\\\/courses\\\/ensino-fundamental-2\\\/\",\"name\":\"Ensino Fundamental 2- Anos Finais - Col\u00e9gio Imaculada Concei\u00e7\u00e3o\",\"isPartOf\":{\"@id\":\"https:\\\/\\\/colegioimaculadaiic.com.br\\\/#website\"},\"primaryImageOfPage\":{\"@id\":\"https:\\\/\\\/colegioimaculadaiic.com.br\\\/index.php\\\/courses\\\/ensino-fundamental-2\\\/#primaryimage\"},\"image\":{\"@id\":\"https:\\\/\\\/colegioimaculadaiic.com.br\\\/index.php\\\/courses\\\/ensino-fundamental-2\\\/#primaryimage\"},\"thumbnailUrl\":\"https:\\\/\\\/colegioimaculadaiic.com.br\\\/wp-content\\\/uploads\\\/2025\\\/12\\\/courses-img3.png\",\"datePublished\":\"2021-04-16T07:11:01+00:00\",\"dateModified\":\"2026-01-20T21:04:05+00:00\",\"breadcrumb\":{\"@id\":\"https:\\\/\\\/colegioimaculadaiic.com.br\\\/index.php\\\/courses\\\/ensino-fundamental-2\\\/#breadcrumb\"},\"inLanguage\":\"pt-BR\",\"potentialAction\":[{\"@type\":\"ReadAction\",\"target\":[\"https:\\\/\\\/colegioimaculadaiic.com.br\\\/index.php\\\/courses\\\/ensino-fundamental-2\\\/\"]}]},{\"@type\":\"ImageObject\",\"inLanguage\":\"pt-BR\",\"@id\":\"https:\\\/\\\/colegioimaculadaiic.com.br\\\/index.php\\\/courses\\\/ensino-fundamental-2\\\/#primaryimage\",\"url\":\"https:\\\/\\\/colegioimaculadaiic.com.br\\\/wp-content\\\/uploads\\\/2025\\\/12\\\/courses-img3.png\",\"contentUrl\":\"https:\\\/\\\/colegioimaculadaiic.com.br\\\/wp-content\\\/uploads\\\/2025\\\/12\\\/courses-img3.png\",\"width\":462,\"height\":412},{\"@type\":\"BreadcrumbList\",\"@id\":\"https:\\\/\\\/colegioimaculadaiic.com.br\\\/index.php\\\/courses\\\/ensino-fundamental-2\\\/#breadcrumb\",\"itemListElement\":[{\"@type\":\"ListItem\",\"position\":1,\"name\":\"In\u00edcio\",\"item\":\"https:\\\/\\\/colegioimaculadaiic.com.br\\\/\"},{\"@type\":\"ListItem\",\"position\":2,\"name\":\"courses\",\"item\":\"https:\\\/\\\/colegioimaculadaiic.com.br\\\/index.php\\\/courses\\\/\"},{\"@type\":\"ListItem\",\"position\":3,\"name\":\"Ensino Fundamental 2- Anos Finais\"}]},{\"@type\":\"WebSite\",\"@id\":\"https:\\\/\\\/colegioimaculadaiic.com.br\\\/#website\",\"url\":\"https:\\\/\\\/colegioimaculadaiic.com.br\\\/\",\"name\":\"Col\u00e9gio Imaculada Concei\u00e7\u00e3o\",\"description\":\"\",\"publisher\":{\"@id\":\"https:\\\/\\\/colegioimaculadaiic.com.br\\\/#organization\"},\"potentialAction\":[{\"@type\":\"SearchAction\",\"target\":{\"@type\":\"EntryPoint\",\"urlTemplate\":\"https:\\\/\\\/colegioimaculadaiic.com.br\\\/?s={search_term_string}\"},\"query-input\":{\"@type\":\"PropertyValueSpecification\",\"valueRequired\":true,\"valueName\":\"search_term_string\"}}],\"inLanguage\":\"pt-BR\"},{\"@type\":\"Organization\",\"@id\":\"https:\\\/\\\/colegioimaculadaiic.com.br\\\/#organization\",\"name\":\"Col\u00e9gio Imaculada Concei\u00e7\u00e3o\",\"url\":\"https:\\\/\\\/colegioimaculadaiic.com.br\\\/\",\"logo\":{\"@type\":\"ImageObject\",\"inLanguage\":\"pt-BR\",\"@id\":\"https:\\\/\\\/colegioimaculadaiic.com.br\\\/#\\\/schema\\\/logo\\\/image\\\/\",\"url\":\"https:\\\/\\\/colegioimaculadaiic.com.br\\\/wp-content\\\/uploads\\\/2025\\\/11\\\/cropped-logo.jpg\",\"contentUrl\":\"https:\\\/\\\/colegioimaculadaiic.com.br\\\/wp-content\\\/uploads\\\/2025\\\/11\\\/cropped-logo.jpg\",\"width\":688,\"height\":688,\"caption\":\"Col\u00e9gio Imaculada Concei\u00e7\u00e3o\"},\"image\":{\"@id\":\"https:\\\/\\\/colegioimaculadaiic.com.br\\\/#\\\/schema\\\/logo\\\/image\\\/\"},\"sameAs\":[\"https:\\\/\\\/www.facebook.com\\\/institutoimaculadaconceicao\\\/?locale=pt_BR\",\"https:\\\/\\\/www.instagram.com\\\/institutoimaculadaconceicao\\\/\"]}]}<\/script>\n<!-- \/ Yoast SEO plugin. -->","yoast_head_json":{"title":"Ensino Fundamental 2- Anos Finais - Col\u00e9gio Imaculada Concei\u00e7\u00e3o","robots":{"index":"index","follow":"follow","max-snippet":"max-snippet:-1","max-image-preview":"max-image-preview:large","max-video-preview":"max-video-preview:-1"},"canonical":"https:\/\/colegioimaculadaiic.com.br\/index.php\/courses\/ensino-fundamental-2\/","og_locale":"pt_BR","og_type":"article","og_title":"Ensino Fundamental 2- Anos Finais - Col\u00e9gio Imaculada Concei\u00e7\u00e3o","og_description":"Anos Finais (EFAF) O Ensino Fundamental \u2013 Anos Finais (6\u00ba ao 9\u00ba ano) \u00e9 uma etapa decisiva na forma\u00e7\u00e3o acad\u00eamica, pessoal e social dos estudantes. \u00c9 nesse per\u00edodo que eles consolidam conhecimentos fundamentais, ampliam sua capacidade cr\u00edtica e desenvolvem autonomia para aprender, conviver e fazer escolhas conscientes. Em nossa escola, o EFAF \u00e9 pensado como [&hellip;]","og_url":"https:\/\/colegioimaculadaiic.com.br\/index.php\/courses\/ensino-fundamental-2\/","og_site_name":"Col\u00e9gio Imaculada Concei\u00e7\u00e3o","article_publisher":"https:\/\/www.facebook.com\/institutoimaculadaconceicao\/?locale=pt_BR","article_modified_time":"2026-01-20T21:04:05+00:00","og_image":[{"width":462,"height":412,"url":"https:\/\/colegioimaculadaiic.com.br\/wp-content\/uploads\/2025\/12\/courses-img3.png","type":"image\/png"}],"twitter_card":"summary_large_image","twitter_misc":{"Est. tempo de leitura":"1 minuto"},"schema":{"@context":"https:\/\/schema.org","@graph":[{"@type":"WebPage","@id":"https:\/\/colegioimaculadaiic.com.br\/index.php\/courses\/ensino-fundamental-2\/","url":"https:\/\/colegioimaculadaiic.com.br\/index.php\/courses\/ensino-fundamental-2\/","name":"Ensino Fundamental 2- Anos Finais - Col\u00e9gio Imaculada Concei\u00e7\u00e3o","isPartOf":{"@id":"https:\/\/colegioimaculadaiic.com.br\/#website"},"primaryImageOfPage":{"@id":"https:\/\/colegioimaculadaiic.com.br\/index.php\/courses\/ensino-fundamental-2\/#primaryimage"},"image":{"@id":"https:\/\/colegioimaculadaiic.com.br\/index.php\/courses\/ensino-fundamental-2\/#primaryimage"},"thumbnailUrl":"https:\/\/colegioimaculadaiic.com.br\/wp-content\/uploads\/2025\/12\/courses-img3.png","datePublished":"2021-04-16T07:11:01+00:00","dateModified":"2026-01-20T21:04:05+00:00","breadcrumb":{"@id":"https:\/\/colegioimaculadaiic.com.br\/index.php\/courses\/ensino-fundamental-2\/#breadcrumb"},"inLanguage":"pt-BR","potentialAction":[{"@type":"ReadAction","target":["https:\/\/colegioimaculadaiic.com.br\/index.php\/courses\/ensino-fundamental-2\/"]}]},{"@type":"ImageObject","inLanguage":"pt-BR","@id":"https:\/\/colegioimaculadaiic.com.br\/index.php\/courses\/ensino-fundamental-2\/#primaryimage","url":"https:\/\/colegioimaculadaiic.com.br\/wp-content\/uploads\/2025\/12\/courses-img3.png","contentUrl":"https:\/\/colegioimaculadaiic.com.br\/wp-content\/uploads\/2025\/12\/courses-img3.png","width":462,"height":412},{"@type":"BreadcrumbList","@id":"https:\/\/colegioimaculadaiic.com.br\/index.php\/courses\/ensino-fundamental-2\/#breadcrumb","itemListElement":[{"@type":"ListItem","position":1,"name":"In\u00edcio","item":"https:\/\/colegioimaculadaiic.com.br\/"},{"@type":"ListItem","position":2,"name":"courses","item":"https:\/\/colegioimaculadaiic.com.br\/index.php\/courses\/"},{"@type":"ListItem","position":3,"name":"Ensino Fundamental 2- Anos Finais"}]},{"@type":"WebSite","@id":"https:\/\/colegioimaculadaiic.com.br\/#website","url":"https:\/\/colegioimaculadaiic.com.br\/","name":"Col\u00e9gio Imaculada Concei\u00e7\u00e3o","description":"","publisher":{"@id":"https:\/\/colegioimaculadaiic.com.br\/#organization"},"potentialAction":[{"@type":"SearchAction","target":{"@type":"EntryPoint","urlTemplate":"https:\/\/colegioimaculadaiic.com.br\/?s={search_term_string}"},"query-input":{"@type":"PropertyValueSpecification","valueRequired":true,"valueName":"search_term_string"}}],"inLanguage":"pt-BR"},{"@type":"Organization","@id":"https:\/\/colegioimaculadaiic.com.br\/#organization","name":"Col\u00e9gio Imaculada Concei\u00e7\u00e3o","url":"https:\/\/colegioimaculadaiic.com.br\/","logo":{"@type":"ImageObject","inLanguage":"pt-BR","@id":"https:\/\/colegioimaculadaiic.com.br\/#\/schema\/logo\/image\/","url":"https:\/\/colegioimaculadaiic.com.br\/wp-content\/uploads\/2025\/11\/cropped-logo.jpg","contentUrl":"https:\/\/colegioimaculadaiic.com.br\/wp-content\/uploads\/2025\/11\/cropped-logo.jpg","width":688,"height":688,"caption":"Col\u00e9gio Imaculada Concei\u00e7\u00e3o"},"image":{"@id":"https:\/\/colegioimaculadaiic.com.br\/#\/schema\/logo\/image\/"},"sameAs":["https:\/\/www.facebook.com\/institutoimaculadaconceicao\/?locale=pt_BR","https:\/\/www.instagram.com\/institutoimaculadaconceicao\/"]}]}},"_links":{"self":[{"href":"https:\/\/colegioimaculadaiic.com.br\/index.php\/wp-json\/wp\/v2\/courses\/2450","targetHints":{"allow":["GET"]}}],"collection":[{"href":"https:\/\/colegioimaculadaiic.com.br\/index.php\/wp-json\/wp\/v2\/courses"}],"about":[{"href":"https:\/\/colegioimaculadaiic.com.br\/index.php\/wp-json\/wp\/v2\/types\/courses"}],"wp:featuredmedia":[{"embeddable":true,"href":"https:\/\/colegioimaculadaiic.com.br\/index.php\/wp-json\/wp\/v2\/media\/2861"}],"wp:attachment":[{"href":"https:\/\/colegioimaculadaiic.com.br\/index.php\/wp-json\/wp\/v2\/media?parent=2450"}],"wp:term":[{"taxonomy":"category","embeddable":true,"href":"https:\/\/colegioimaculadaiic.com.br\/index.php\/wp-json\/wp\/v2\/categories?post=2450"}],"curies":[{"name":"wp","href":"https:\/\/api.w.org\/{rel}","templated":true}]}}