{"id":2677,"date":"2021-04-17T11:01:16","date_gmt":"2021-04-17T11:01:16","guid":{"rendered":"http:\/\/localhost:8888\/educato\/?page_id=2677"},"modified":"2026-02-03T19:26:41","modified_gmt":"2026-02-03T19:26:41","slug":"our-events","status":"publish","type":"page","link":"https:\/\/colegioimaculadaiic.com.br\/index.php\/our-events\/","title":{"rendered":"Pr\u00f3ximos Eventos"},"content":{"rendered":"\t\t<div data-elementor-type=\"wp-page\" data-elementor-id=\"2677\" class=\"elementor elementor-2677\">\n\t\t\t\t\t\t<section class=\"elementor-section elementor-top-section elementor-element elementor-element-d12048b elementor-section-full_width elementor-section-height-default elementor-section-height-default\" data-id=\"d12048b\" data-element_type=\"section\">\n\t\t\t\t\t\t<div class=\"elementor-container elementor-column-gap-no\">\n\t\t\t\t\t<div class=\"elementor-column elementor-col-100 elementor-top-column elementor-element elementor-element-3f3fa0f\" data-id=\"3f3fa0f\" data-element_type=\"column\">\n\t\t\t<div class=\"elementor-widget-wrap elementor-element-populated\">\n\t\t\t\t\t\t<div class=\"elementor-element elementor-element-0bda0ad elementor-widget elementor-widget-Elementor-events-widget\" data-id=\"0bda0ad\" data-element_type=\"widget\" data-widget_type=\"Elementor-events-widget.default\">\n\t\t\t\t<div class=\"elementor-widget-container\">\n\t\t\t\t\t<!-- educato-area -->         \n\n\n<section id=\"educato\" class=\"educato-area fix pt-120 pb-120\"  style=\" background-image: url(http:\/\/wordpress.zcube.in\/educato\/wp-content\/uploads\/2021\/04\/event-bg-aliments.png); background-repeat: no-repeat; background-position: center;\" >\n<div class=\"container\">\n    <div class=\"row\">   \n        <div class=\"col-lg-12\">\n            <div class=\"section-title center-align text-center mb-50\">\n                <h5>Nossos Eventos<\/h5>\n                <h2>\n                 Pr\u00f3ximos eventos \n                <\/h2>\n            <\/div>\n\n        <\/div>\n    <\/div>\n    <div class=\"row\">\n         \n        \n        \n         \n         <div class=\"col-lg-6 col-md-12\">\n               <div class=\"educato-box\">\n                    <div class=\"date-box\">\n                        <h3>26<\/h3>\n                        <h5>Jan, 2026<\/h5>\n                    <\/div>\n                   <div class=\"text\">\n                       <h5><a href=\"https:\/\/colegioimaculadaiic.com.br\/index.php\/events\/camden-windjammer-festival\/\">In\u00edcio das Aulas<\/a><\/h5>\n                        <ul>\n                          <li><i class=\"fal fa-clock\"><\/i>7:30 <\/li>\n                            <li><i class=\"icon fal fa-map-marker-check\"><\/i> <\/li>\n                       <\/ul>\n                        Todas as Turmas                   <\/div>\n               <\/div>\n        <\/div>\n         \n        \n        \n         \n         <div class=\"col-lg-6 col-md-12\">\n               <div class=\"educato-box\">\n                    <div class=\"date-box\">\n                        <h3>13<\/h3>\n                        <h5>fev, 2026<\/h5>\n                    <\/div>\n                   <div class=\"text\">\n                       <h5><a href=\"https:\/\/colegioimaculadaiic.com.br\/index.php\/events\/dia-de-los-muertos\/\">Festa Fantasia<\/a><\/h5>\n                        <ul>\n                          <li><i class=\"fal fa-clock\"><\/i>14:00 <\/li>\n                            <li><i class=\"icon fal fa-map-marker-check\"><\/i> <\/li>\n                       <\/ul>\n                        P\u00e1tio Principal                   <\/div>\n               <\/div>\n        <\/div>\n         \n        \n        \n         \n         <div class=\"col-lg-6 col-md-12\">\n               <div class=\"educato-box\">\n                    <div class=\"date-box\">\n                        <h3>07<\/h3>\n                        <h5>Abr, 2026<\/h5>\n                    <\/div>\n                   <div class=\"text\">\n                       <h5><a href=\"https:\/\/colegioimaculadaiic.com.br\/index.php\/events\/boryeong-mud-festival\/\">Missa Interna dos Alunos<\/a><\/h5>\n                        <ul>\n                          <li><i class=\"fal fa-clock\"><\/i>10:00 <\/li>\n                            <li><i class=\"icon fal fa-map-marker-check\"><\/i> <\/li>\n                       <\/ul>\n                        Capela                   <\/div>\n               <\/div>\n        <\/div>\n         \n        \n         \n         <div class=\"col-lg-6 col-md-12\">\n               <div class=\"educato-box\">\n                    <div class=\"date-box\">\n                        <h3>09<\/h3>\n                        <h5>Mai, 2026<\/h5>\n                    <\/div>\n                   <div class=\"text\">\n                       <h5><a href=\"https:\/\/colegioimaculadaiic.com.br\/index.php\/events\/white-nights-festival\/\">Passeio do Dia das M\u00e3es<\/a><\/h5>\n                        <ul>\n                          <li><i class=\"fal fa-clock\"><\/i>8:00 <\/li>\n                            <li><i class=\"icon fal fa-map-marker-check\"><\/i> <\/li>\n                       <\/ul>\n                        A definir                   <\/div>\n               <\/div>\n        <\/div>\n         \n        \n        \n         \n         <div class=\"col-lg-6 col-md-12\">\n               <div class=\"educato-box\">\n                    <div class=\"date-box\">\n                        <h3>15<\/h3>\n                        <h5>Mai, 2026<\/h5>\n                    <\/div>\n                   <div class=\"text\">\n                       <h5><a href=\"https:\/\/colegioimaculadaiic.com.br\/index.php\/events\/snow-star-festival\/\">Abertura dos Jogos Beneditinos<\/a><\/h5>\n                        <ul>\n                          <li><i class=\"fal fa-clock\"><\/i>19:00 <\/li>\n                            <li><i class=\"icon fal fa-map-marker-check\"><\/i> <\/li>\n                       <\/ul>\n                        Quadra Poliesportiva                   <\/div>\n               <\/div>\n        <\/div>\n         \n        \n        \n         \n         <div class=\"col-lg-6 col-md-12\">\n               <div class=\"educato-box\">\n                    <div class=\"date-box\">\n                        <h3>13<\/h3>\n                        <h5>Jun, 2026<\/h5>\n                    <\/div>\n                   <div class=\"text\">\n                       <h5><a href=\"https:\/\/colegioimaculadaiic.com.br\/index.php\/events\/fes-festival-of-world-sacred-music\/\">Festa Junina<\/a><\/h5>\n                        <ul>\n                          <li><i class=\"fal fa-clock\"><\/i>18:00 <\/li>\n                            <li><i class=\"icon fal fa-map-marker-check\"><\/i> <\/li>\n                       <\/ul>\n                        P\u00e1tio Principal                   <\/div>\n               <\/div>\n        <\/div>\n         \n        \n        \n         \n         <div class=\"col-lg-6 col-md-12\">\n               <div class=\"educato-box\">\n                    <div class=\"date-box\">\n                        <h3>19<\/h3>\n                        <h5>Oct, 2021<\/h5>\n                    <\/div>\n                   <div class=\"text\">\n                       <h5><a href=\"https:\/\/colegioimaculadaiic.com.br\/index.php\/events\/carnival-of-venice\/\">Carnival of Venice<\/a><\/h5>\n                        <ul>\n                          <li><i class=\"fal fa-clock\"><\/i>9:00Am - 3:00Pm <\/li>\n                            <li><i class=\"icon fal fa-map-marker-check\"><\/i> Mumbai, India<\/li>\n                       <\/ul>\n                        Phasellus maximus orci metus. Nullam enim ex, facilisis at lacinia sed, luctus vitae dolor. Nam at commodo quam.                   <\/div>\n               <\/div>\n        <\/div>\n         \n        \n        \n         \n         <div class=\"col-lg-6 col-md-12\">\n               <div class=\"educato-box\">\n                    <div class=\"date-box\">\n                        <h3>18<\/h3>\n                        <h5>Mar, 2021<\/h5>\n                    <\/div>\n                   <div class=\"text\">\n                       <h5><a href=\"https:\/\/colegioimaculadaiic.com.br\/index.php\/events\/republic-day\/\">Democratic Republic Day<\/a><\/h5>\n                        <ul>\n                          <li><i class=\"fal fa-clock\"><\/i>9:00Am - 3:00Pm <\/li>\n                            <li><i class=\"icon fal fa-map-marker-check\"><\/i> Mumbai, India<\/li>\n                       <\/ul>\n                        Phasellus maximus orci metus. Nullam enim ex, facilisis at lacinia sed, luctus vitae dolor. Nam at commodo quam.                   <\/div>\n               <\/div>\n        <\/div>\n         \n    <\/div>\n\n<\/div>\n<\/section>\n\n\n\n<!-- educato-area-end -->\n\n\n\n                \n                \n                \n                \n                \n                \n                \n                \n             \n             \t\t\t\t<\/div>\n\t\t\t\t<\/div>\n\t\t\t\t\t<\/div>\n\t\t<\/div>\n\t\t\t\t\t<\/div>\n\t\t<\/section>\n\t\t\t\t<\/div>\n\t\t","protected":false},"excerpt":{"rendered":"","protected":false},"author":1,"featured_media":0,"parent":0,"menu_order":0,"comment_status":"closed","ping_status":"closed","template":"inside.php","meta":{"_monsterinsights_skip_tracking":false,"_monsterinsights_sitenote_active":false,"_monsterinsights_sitenote_note":"","_monsterinsights_sitenote_category":0,"footnotes":""},"class_list":["post-2677","page","type-page","status-publish","hentry"],"yoast_head":"<!-- This site is optimized with the Yoast SEO plugin v27.4 - https:\/\/yoast.com\/product\/yoast-seo-wordpress\/ -->\n<title>Pr\u00f3ximos Eventos - Col\u00e9gio Imaculada Concei\u00e7\u00e3o<\/title>\n<meta name=\"robots\" content=\"index, follow, max-snippet:-1, max-image-preview:large, max-video-preview:-1\" \/>\n<link rel=\"canonical\" href=\"https:\/\/colegioimaculadaiic.com.br\/index.php\/our-events\/\" \/>\n<meta property=\"og:locale\" content=\"pt_BR\" \/>\n<meta property=\"og:type\" content=\"article\" \/>\n<meta property=\"og:title\" content=\"Pr\u00f3ximos Eventos - Col\u00e9gio Imaculada Concei\u00e7\u00e3o\" \/>\n<meta property=\"og:url\" content=\"https:\/\/colegioimaculadaiic.com.br\/index.php\/our-events\/\" \/>\n<meta property=\"og:site_name\" content=\"Col\u00e9gio Imaculada Concei\u00e7\u00e3o\" \/>\n<meta property=\"article:publisher\" content=\"https:\/\/www.facebook.com\/institutoimaculadaconceicao\/?locale=pt_BR\" \/>\n<meta property=\"article:modified_time\" content=\"2026-02-03T19:26:41+00:00\" \/>\n<meta name=\"twitter:card\" content=\"summary_large_image\" \/>\n<script type=\"application\/ld+json\" class=\"yoast-schema-graph\">{\"@context\":\"https:\\\/\\\/schema.org\",\"@graph\":[{\"@type\":\"WebPage\",\"@id\":\"https:\\\/\\\/colegioimaculadaiic.com.br\\\/index.php\\\/our-events\\\/\",\"url\":\"https:\\\/\\\/colegioimaculadaiic.com.br\\\/index.php\\\/our-events\\\/\",\"name\":\"Pr\u00f3ximos Eventos - Col\u00e9gio Imaculada Concei\u00e7\u00e3o\",\"isPartOf\":{\"@id\":\"https:\\\/\\\/colegioimaculadaiic.com.br\\\/#website\"},\"datePublished\":\"2021-04-17T11:01:16+00:00\",\"dateModified\":\"2026-02-03T19:26:41+00:00\",\"breadcrumb\":{\"@id\":\"https:\\\/\\\/colegioimaculadaiic.com.br\\\/index.php\\\/our-events\\\/#breadcrumb\"},\"inLanguage\":\"pt-BR\",\"potentialAction\":[{\"@type\":\"ReadAction\",\"target\":[\"https:\\\/\\\/colegioimaculadaiic.com.br\\\/index.php\\\/our-events\\\/\"]}]},{\"@type\":\"BreadcrumbList\",\"@id\":\"https:\\\/\\\/colegioimaculadaiic.com.br\\\/index.php\\\/our-events\\\/#breadcrumb\",\"itemListElement\":[{\"@type\":\"ListItem\",\"position\":1,\"name\":\"In\u00edcio\",\"item\":\"https:\\\/\\\/colegioimaculadaiic.com.br\\\/\"},{\"@type\":\"ListItem\",\"position\":2,\"name\":\"Pr\u00f3ximos Eventos\"}]},{\"@type\":\"WebSite\",\"@id\":\"https:\\\/\\\/colegioimaculadaiic.com.br\\\/#website\",\"url\":\"https:\\\/\\\/colegioimaculadaiic.com.br\\\/\",\"name\":\"Col\u00e9gio Imaculada Concei\u00e7\u00e3o\",\"description\":\"\",\"publisher\":{\"@id\":\"https:\\\/\\\/colegioimaculadaiic.com.br\\\/#organization\"},\"potentialAction\":[{\"@type\":\"SearchAction\",\"target\":{\"@type\":\"EntryPoint\",\"urlTemplate\":\"https:\\\/\\\/colegioimaculadaiic.com.br\\\/?s={search_term_string}\"},\"query-input\":{\"@type\":\"PropertyValueSpecification\",\"valueRequired\":true,\"valueName\":\"search_term_string\"}}],\"inLanguage\":\"pt-BR\"},{\"@type\":\"Organization\",\"@id\":\"https:\\\/\\\/colegioimaculadaiic.com.br\\\/#organization\",\"name\":\"Col\u00e9gio Imaculada Concei\u00e7\u00e3o\",\"url\":\"https:\\\/\\\/colegioimaculadaiic.com.br\\\/\",\"logo\":{\"@type\":\"ImageObject\",\"inLanguage\":\"pt-BR\",\"@id\":\"https:\\\/\\\/colegioimaculadaiic.com.br\\\/#\\\/schema\\\/logo\\\/image\\\/\",\"url\":\"https:\\\/\\\/colegioimaculadaiic.com.br\\\/wp-content\\\/uploads\\\/2025\\\/11\\\/cropped-logo.jpg\",\"contentUrl\":\"https:\\\/\\\/colegioimaculadaiic.com.br\\\/wp-content\\\/uploads\\\/2025\\\/11\\\/cropped-logo.jpg\",\"width\":688,\"height\":688,\"caption\":\"Col\u00e9gio Imaculada Concei\u00e7\u00e3o\"},\"image\":{\"@id\":\"https:\\\/\\\/colegioimaculadaiic.com.br\\\/#\\\/schema\\\/logo\\\/image\\\/\"},\"sameAs\":[\"https:\\\/\\\/www.facebook.com\\\/institutoimaculadaconceicao\\\/?locale=pt_BR\",\"https:\\\/\\\/www.instagram.com\\\/institutoimaculadaconceicao\\\/\"]}]}<\/script>\n<!-- \/ Yoast SEO plugin. -->","yoast_head_json":{"title":"Pr\u00f3ximos Eventos - Col\u00e9gio Imaculada Concei\u00e7\u00e3o","robots":{"index":"index","follow":"follow","max-snippet":"max-snippet:-1","max-image-preview":"max-image-preview:large","max-video-preview":"max-video-preview:-1"},"canonical":"https:\/\/colegioimaculadaiic.com.br\/index.php\/our-events\/","og_locale":"pt_BR","og_type":"article","og_title":"Pr\u00f3ximos Eventos - Col\u00e9gio Imaculada Concei\u00e7\u00e3o","og_url":"https:\/\/colegioimaculadaiic.com.br\/index.php\/our-events\/","og_site_name":"Col\u00e9gio Imaculada Concei\u00e7\u00e3o","article_publisher":"https:\/\/www.facebook.com\/institutoimaculadaconceicao\/?locale=pt_BR","article_modified_time":"2026-02-03T19:26:41+00:00","twitter_card":"summary_large_image","schema":{"@context":"https:\/\/schema.org","@graph":[{"@type":"WebPage","@id":"https:\/\/colegioimaculadaiic.com.br\/index.php\/our-events\/","url":"https:\/\/colegioimaculadaiic.com.br\/index.php\/our-events\/","name":"Pr\u00f3ximos Eventos - Col\u00e9gio Imaculada Concei\u00e7\u00e3o","isPartOf":{"@id":"https:\/\/colegioimaculadaiic.com.br\/#website"},"datePublished":"2021-04-17T11:01:16+00:00","dateModified":"2026-02-03T19:26:41+00:00","breadcrumb":{"@id":"https:\/\/colegioimaculadaiic.com.br\/index.php\/our-events\/#breadcrumb"},"inLanguage":"pt-BR","potentialAction":[{"@type":"ReadAction","target":["https:\/\/colegioimaculadaiic.com.br\/index.php\/our-events\/"]}]},{"@type":"BreadcrumbList","@id":"https:\/\/colegioimaculadaiic.com.br\/index.php\/our-events\/#breadcrumb","itemListElement":[{"@type":"ListItem","position":1,"name":"In\u00edcio","item":"https:\/\/colegioimaculadaiic.com.br\/"},{"@type":"ListItem","position":2,"name":"Pr\u00f3ximos Eventos"}]},{"@type":"WebSite","@id":"https:\/\/colegioimaculadaiic.com.br\/#website","url":"https:\/\/colegioimaculadaiic.com.br\/","name":"Col\u00e9gio Imaculada Concei\u00e7\u00e3o","description":"","publisher":{"@id":"https:\/\/colegioimaculadaiic.com.br\/#organization"},"potentialAction":[{"@type":"SearchAction","target":{"@type":"EntryPoint","urlTemplate":"https:\/\/colegioimaculadaiic.com.br\/?s={search_term_string}"},"query-input":{"@type":"PropertyValueSpecification","valueRequired":true,"valueName":"search_term_string"}}],"inLanguage":"pt-BR"},{"@type":"Organization","@id":"https:\/\/colegioimaculadaiic.com.br\/#organization","name":"Col\u00e9gio Imaculada Concei\u00e7\u00e3o","url":"https:\/\/colegioimaculadaiic.com.br\/","logo":{"@type":"ImageObject","inLanguage":"pt-BR","@id":"https:\/\/colegioimaculadaiic.com.br\/#\/schema\/logo\/image\/","url":"https:\/\/colegioimaculadaiic.com.br\/wp-content\/uploads\/2025\/11\/cropped-logo.jpg","contentUrl":"https:\/\/colegioimaculadaiic.com.br\/wp-content\/uploads\/2025\/11\/cropped-logo.jpg","width":688,"height":688,"caption":"Col\u00e9gio Imaculada Concei\u00e7\u00e3o"},"image":{"@id":"https:\/\/colegioimaculadaiic.com.br\/#\/schema\/logo\/image\/"},"sameAs":["https:\/\/www.facebook.com\/institutoimaculadaconceicao\/?locale=pt_BR","https:\/\/www.instagram.com\/institutoimaculadaconceicao\/"]}]}},"_links":{"self":[{"href":"https:\/\/colegioimaculadaiic.com.br\/index.php\/wp-json\/wp\/v2\/pages\/2677","targetHints":{"allow":["GET"]}}],"collection":[{"href":"https:\/\/colegioimaculadaiic.com.br\/index.php\/wp-json\/wp\/v2\/pages"}],"about":[{"href":"https:\/\/colegioimaculadaiic.com.br\/index.php\/wp-json\/wp\/v2\/types\/page"}],"author":[{"embeddable":true,"href":"https:\/\/colegioimaculadaiic.com.br\/index.php\/wp-json\/wp\/v2\/users\/1"}],"replies":[{"embeddable":true,"href":"https:\/\/colegioimaculadaiic.com.br\/index.php\/wp-json\/wp\/v2\/comments?post=2677"}],"version-history":[{"count":7,"href":"https:\/\/colegioimaculadaiic.com.br\/index.php\/wp-json\/wp\/v2\/pages\/2677\/revisions"}],"predecessor-version":[{"id":3111,"href":"https:\/\/colegioimaculadaiic.com.br\/index.php\/wp-json\/wp\/v2\/pages\/2677\/revisions\/3111"}],"wp:attachment":[{"href":"https:\/\/colegioimaculadaiic.com.br\/index.php\/wp-json\/wp\/v2\/media?parent=2677"}],"curies":[{"name":"wp","href":"https:\/\/api.w.org\/{rel}","templated":true}]}}