{"id":2711,"date":"2021-04-19T15:00:30","date_gmt":"2021-04-19T15:00:30","guid":{"rendered":"http:\/\/localhost:8888\/educato\/?page_id=2711"},"modified":"2021-04-19T15:00:30","modified_gmt":"2021-04-19T15:00:30","slug":"our-courses","status":"publish","type":"page","link":"https:\/\/colegioimaculadaiic.com.br\/index.php\/our-courses\/","title":{"rendered":"Our Courses"},"content":{"rendered":"\t\t<div data-elementor-type=\"wp-page\" data-elementor-id=\"2711\" class=\"elementor elementor-2711\">\n\t\t\t\t\t\t<section class=\"elementor-section elementor-top-section elementor-element elementor-element-49a0642 elementor-section-full_width elementor-section-height-default elementor-section-height-default\" data-id=\"49a0642\" data-element_type=\"section\">\n\t\t\t\t\t\t<div class=\"elementor-container elementor-column-gap-no\">\n\t\t\t\t\t<div class=\"elementor-column elementor-col-100 elementor-top-column elementor-element elementor-element-2b9096c\" data-id=\"2b9096c\" data-element_type=\"column\">\n\t\t\t<div class=\"elementor-widget-wrap elementor-element-populated\">\n\t\t\t\t\t\t<div class=\"elementor-element elementor-element-b6c79d2 elementor-widget elementor-widget-Elementor-courses-widget\" data-id=\"b6c79d2\" data-element_type=\"widget\" data-widget_type=\"Elementor-courses-widget.default\">\n\t\t\t\t<div class=\"elementor-widget-container\">\n\t\t\t\t\t<!-- shop-area -->\n\n\n<section class=\"shop-area pt-120 pb-90 p-relative \" style=\" background-image: url(http:\/\/wordpress.zcube.in\/educato\/wp-content\/uploads\/2021\/04\/blog-bg-aliments.png); background-repeat: no-repeat; background-position: center center;background-attachment: fixed;\">\n<div class=\"container\">\t\t\t\t\t\n    <div class=\"row align-items-center\">\n                              \n        <div class=\"col-lg-4 col-md-6\">\n            <div class=\"product couress-box mb-30\">\n                <div class=\"product__img\">\n                     <a href=\"https:\/\/colegioimaculadaiic.com.br\/index.php\/courses\/educacao-infantil\/\"><img fetchpriority=\"high\" decoding=\"async\" width=\"2560\" height=\"1614\" src=\"https:\/\/colegioimaculadaiic.com.br\/wp-content\/uploads\/2026\/01\/nivel4-scaled.jpg\" class=\"attachment-post-thumbnail size-post-thumbnail wp-post-image\" alt=\"\" srcset=\"https:\/\/colegioimaculadaiic.com.br\/wp-content\/uploads\/2026\/01\/nivel4-scaled.jpg 2560w, https:\/\/colegioimaculadaiic.com.br\/wp-content\/uploads\/2026\/01\/nivel4-300x189.jpg 300w, https:\/\/colegioimaculadaiic.com.br\/wp-content\/uploads\/2026\/01\/nivel4-1024x646.jpg 1024w, https:\/\/colegioimaculadaiic.com.br\/wp-content\/uploads\/2026\/01\/nivel4-768x484.jpg 768w, https:\/\/colegioimaculadaiic.com.br\/wp-content\/uploads\/2026\/01\/nivel4-1536x969.jpg 1536w, https:\/\/colegioimaculadaiic.com.br\/wp-content\/uploads\/2026\/01\/nivel4-2048x1292.jpg 2048w\" sizes=\"(max-width: 2560px) 100vw, 2560px\" \/><\/a> \n\n                <\/div>\n                <div class=\"product__content pt-30\">\n                    <ul class=\"course-meta course-meta2 review style2 clearfix mb-30\">\n                        <li class=\"author\">\n                            <div class=\"thumb\">\n                                     \n\n                            <\/div>\n\n                            <div class=\"text\">\n                                                                <p><\/p>\n                            <\/div>\n                        <\/li>\n\n\n                    <\/ul>\n                     <div class=\"price\">\n                                           <\/div>\n                    <h4 class=\"pro-title\"><a href=\"https:\/\/colegioimaculadaiic.com.br\/index.php\/courses\/educacao-infantil\/\">Educa\u00e7\u00e3o Infantil<\/a><\/h4>\n                    <p> A Educa\u00e7\u00e3o Infantil do Instituto Imaculada Concei\u00e7\u00e3o tem como miss\u00e3o educar para a vida, cuidando do desenvolvimento integral da crian\u00e7a em seus aspectos humano, intelectual, social, emocional, espiritual e crist\u00e3o.<\/p>\n                    <ul class=\"course-meta desc\">\n                        <li>\n                            <h6> 4 anos <\/h6>\n                            <span> Dura\u00e7\u00e3o<\/span>\n                        <\/li>\n\n                        <li>\n                            <h6>  <\/h6>\n                            <span>  <\/span>\n                        <\/li>\n\n                        <li>\n                            <h6><span class=\"course-time\"> 7:00 - 9:00<\/span><\/h6>\n                            <span> Hor\u00e1rio<\/span>\n                        <\/li>\n                    <\/ul>\n\n                <\/div>\n            <\/div>\n        <\/div>\n                               \n        <div class=\"col-lg-4 col-md-6\">\n            <div class=\"product couress-box mb-30\">\n                <div class=\"product__img\">\n                     <a href=\"https:\/\/colegioimaculadaiic.com.br\/index.php\/courses\/ensino-fundamental\/\"><img decoding=\"async\" width=\"462\" height=\"412\" src=\"https:\/\/colegioimaculadaiic.com.br\/wp-content\/uploads\/2025\/12\/courses-img3-1.png\" class=\"attachment-post-thumbnail size-post-thumbnail wp-post-image\" alt=\"\" srcset=\"https:\/\/colegioimaculadaiic.com.br\/wp-content\/uploads\/2025\/12\/courses-img3-1.png 462w, https:\/\/colegioimaculadaiic.com.br\/wp-content\/uploads\/2025\/12\/courses-img3-1-300x268.png 300w\" sizes=\"(max-width: 462px) 100vw, 462px\" \/><\/a> \n\n                <\/div>\n                <div class=\"product__content pt-30\">\n                    <ul class=\"course-meta course-meta2 review style2 clearfix mb-30\">\n                        <li class=\"author\">\n                            <div class=\"thumb\">\n                                     \n\n                            <\/div>\n\n                            <div class=\"text\">\n                                                                <p><\/p>\n                            <\/div>\n                        <\/li>\n\n\n                    <\/ul>\n                     <div class=\"price\">\n                                           <\/div>\n                    <h4 class=\"pro-title\"><a href=\"https:\/\/colegioimaculadaiic.com.br\/index.php\/courses\/ensino-fundamental\/\">Ensino Fundamental 1 -Anos Iniciais<\/a><\/h4>\n                    <p> O Ensino Fundamental Anos Iniciais do Instituto Educado da Concei\u00e7\u00e3o tem como prop\u00f3sito oferecer uma forma\u00e7\u00e3o integral, que una excel\u00eancia pedag\u00f3gica, valores crist\u00e3os e desenvolvimento humano, acompanhando a crian\u00e7a dos 1\u00ba aos 5\u00ba anos em uma fase essencial de crescimento, descobertas e consolida\u00e7\u00e3o das aprendizagens.<\/p>\n                    <ul class=\"course-meta desc\">\n                        <li>\n                            <h6> Anual <\/h6>\n                            <span> 5 anos<\/span>\n                        <\/li>\n\n                        <li>\n                            <h6>  <\/h6>\n                            <span>  <\/span>\n                        <\/li>\n\n                        <li>\n                            <h6><span class=\"course-time\"> 7:00 - 12:00<\/span><\/h6>\n                            <span> <\/span>\n                        <\/li>\n                    <\/ul>\n\n                <\/div>\n            <\/div>\n        <\/div>\n                               \n        <div class=\"col-lg-4 col-md-6\">\n            <div class=\"product couress-box mb-30\">\n                <div class=\"product__img\">\n                     <a href=\"https:\/\/colegioimaculadaiic.com.br\/index.php\/courses\/ensino-fundamental-2\/\"><img decoding=\"async\" width=\"462\" height=\"412\" src=\"https:\/\/colegioimaculadaiic.com.br\/wp-content\/uploads\/2025\/12\/courses-img3.png\" class=\"attachment-post-thumbnail size-post-thumbnail wp-post-image\" alt=\"\" srcset=\"https:\/\/colegioimaculadaiic.com.br\/wp-content\/uploads\/2025\/12\/courses-img3.png 462w, https:\/\/colegioimaculadaiic.com.br\/wp-content\/uploads\/2025\/12\/courses-img3-300x268.png 300w\" sizes=\"(max-width: 462px) 100vw, 462px\" \/><\/a> \n\n                <\/div>\n                <div class=\"product__content pt-30\">\n                    <ul class=\"course-meta course-meta2 review style2 clearfix mb-30\">\n                        <li class=\"author\">\n                            <div class=\"thumb\">\n                                     \n\n                            <\/div>\n\n                            <div class=\"text\">\n                                                                <p><\/p>\n                            <\/div>\n                        <\/li>\n\n\n                    <\/ul>\n                     <div class=\"price\">\n                                           <\/div>\n                    <h4 class=\"pro-title\"><a href=\"https:\/\/colegioimaculadaiic.com.br\/index.php\/courses\/ensino-fundamental-2\/\">Ensino Fundamental 2- Anos Finais<\/a><\/h4>\n                    <p> O Ensino Fundamental \u2013 Anos Finais (6\u00ba ao 9\u00ba ano) \u00e9 uma etapa decisiva na forma\u00e7\u00e3o acad\u00eamica, pessoal e social dos estudantes. \u00c9 nesse per\u00edodo que eles consolidam conhecimentos fundamentais, ampliam sua capacidade cr\u00edtica e desenvolvem autonomia para aprender, conviver e fazer escolhas conscientes<\/p>\n                    <ul class=\"course-meta desc\">\n                        <li>\n                            <h6> 4 Anos <\/h6>\n                            <span> Anual<\/span>\n                        <\/li>\n\n                        <li>\n                            <h6>  <\/h6>\n                            <span>  <\/span>\n                        <\/li>\n\n                        <li>\n                            <h6><span class=\"course-time\"> 7:00 - 12:00<\/span><\/h6>\n                            <span> <\/span>\n                        <\/li>\n                    <\/ul>\n\n                <\/div>\n            <\/div>\n        <\/div>\n                               \n        <div class=\"col-lg-4 col-md-6\">\n            <div class=\"product couress-box mb-30\">\n                <div class=\"product__img\">\n                     <a href=\"https:\/\/colegioimaculadaiic.com.br\/index.php\/courses\/ensino-medio\/\"><img loading=\"lazy\" decoding=\"async\" width=\"462\" height=\"412\" src=\"https:\/\/colegioimaculadaiic.com.br\/wp-content\/uploads\/2025\/12\/courses-img1-1.png\" class=\"attachment-post-thumbnail size-post-thumbnail wp-post-image\" alt=\"\" srcset=\"https:\/\/colegioimaculadaiic.com.br\/wp-content\/uploads\/2025\/12\/courses-img1-1.png 462w, https:\/\/colegioimaculadaiic.com.br\/wp-content\/uploads\/2025\/12\/courses-img1-1-300x268.png 300w\" sizes=\"(max-width: 462px) 100vw, 462px\" \/><\/a> \n\n                <\/div>\n                <div class=\"product__content pt-30\">\n                    <ul class=\"course-meta course-meta2 review style2 clearfix mb-30\">\n                        <li class=\"author\">\n                            <div class=\"thumb\">\n                                     \n\n                            <\/div>\n\n                            <div class=\"text\">\n                                                                <p><\/p>\n                            <\/div>\n                        <\/li>\n\n\n                    <\/ul>\n                     <div class=\"price\">\n                                           <\/div>\n                    <h4 class=\"pro-title\"><a href=\"https:\/\/colegioimaculadaiic.com.br\/index.php\/courses\/ensino-medio\/\">Ensino M\u00e9dio<\/a><\/h4>\n                    <p> O Ensino M\u00e9dio \u00e9 a etapa em que o estudante consolida sua forma\u00e7\u00e3o acad\u00eamica, amplia sua vis\u00e3o de mundo e come\u00e7a a definir seus projetos pessoais, acad\u00eamicos e profissionais. \u00c9 um per\u00edodo de aprofundamento dos conhecimentos, amadurecimento intelectual e prepara\u00e7\u00e3o para escolhas decisivas.<\/p>\n                    <ul class=\"course-meta desc\">\n                        <li>\n                            <h6> 3 Anos <\/h6>\n                            <span> <\/span>\n                        <\/li>\n\n                        <li>\n                            <h6>  <\/h6>\n                            <span>  <\/span>\n                        <\/li>\n\n                        <li>\n                            <h6><span class=\"course-time\"> 7:00 - 12:00<\/span><\/h6>\n                            <span> Classe<\/span>\n                        <\/li>\n                    <\/ul>\n\n                <\/div>\n            <\/div>\n        <\/div>\n                                 \n    <\/div>\n<\/div>\n<\/section>\n\n\n\n            <!-- shop-area-end -->\t\t\t\t<\/div>\n\t\t\t\t<\/div>\n\t\t\t\t\t<\/div>\n\t\t<\/div>\n\t\t\t\t\t<\/div>\n\t\t<\/section>\n\t\t\t\t<\/div>\n\t\t","protected":false},"excerpt":{"rendered":"","protected":false},"author":1,"featured_media":0,"parent":0,"menu_order":0,"comment_status":"closed","ping_status":"closed","template":"inside.php","meta":{"_monsterinsights_skip_tracking":false,"_monsterinsights_sitenote_active":false,"_monsterinsights_sitenote_note":"","_monsterinsights_sitenote_category":0,"footnotes":""},"class_list":["post-2711","page","type-page","status-publish","hentry"],"yoast_head":"<!-- This site is optimized with the Yoast SEO plugin v27.4 - https:\/\/yoast.com\/product\/yoast-seo-wordpress\/ -->\n<title>Our Courses - Col\u00e9gio Imaculada Concei\u00e7\u00e3o<\/title>\n<meta name=\"robots\" content=\"index, follow, max-snippet:-1, max-image-preview:large, max-video-preview:-1\" \/>\n<link rel=\"canonical\" href=\"https:\/\/colegioimaculadaiic.com.br\/index.php\/our-courses\/\" \/>\n<meta property=\"og:locale\" content=\"pt_BR\" \/>\n<meta property=\"og:type\" content=\"article\" \/>\n<meta property=\"og:title\" content=\"Our Courses - Col\u00e9gio Imaculada Concei\u00e7\u00e3o\" \/>\n<meta property=\"og:url\" content=\"https:\/\/colegioimaculadaiic.com.br\/index.php\/our-courses\/\" \/>\n<meta property=\"og:site_name\" content=\"Col\u00e9gio Imaculada Concei\u00e7\u00e3o\" \/>\n<meta property=\"article:publisher\" content=\"https:\/\/www.facebook.com\/institutoimaculadaconceicao\/?locale=pt_BR\" \/>\n<meta name=\"twitter:card\" content=\"summary_large_image\" \/>\n<script type=\"application\/ld+json\" class=\"yoast-schema-graph\">{\"@context\":\"https:\\\/\\\/schema.org\",\"@graph\":[{\"@type\":\"WebPage\",\"@id\":\"https:\\\/\\\/colegioimaculadaiic.com.br\\\/index.php\\\/our-courses\\\/\",\"url\":\"https:\\\/\\\/colegioimaculadaiic.com.br\\\/index.php\\\/our-courses\\\/\",\"name\":\"Our Courses - Col\u00e9gio Imaculada Concei\u00e7\u00e3o\",\"isPartOf\":{\"@id\":\"https:\\\/\\\/colegioimaculadaiic.com.br\\\/#website\"},\"datePublished\":\"2021-04-19T15:00:30+00:00\",\"breadcrumb\":{\"@id\":\"https:\\\/\\\/colegioimaculadaiic.com.br\\\/index.php\\\/our-courses\\\/#breadcrumb\"},\"inLanguage\":\"pt-BR\",\"potentialAction\":[{\"@type\":\"ReadAction\",\"target\":[\"https:\\\/\\\/colegioimaculadaiic.com.br\\\/index.php\\\/our-courses\\\/\"]}]},{\"@type\":\"BreadcrumbList\",\"@id\":\"https:\\\/\\\/colegioimaculadaiic.com.br\\\/index.php\\\/our-courses\\\/#breadcrumb\",\"itemListElement\":[{\"@type\":\"ListItem\",\"position\":1,\"name\":\"In\u00edcio\",\"item\":\"https:\\\/\\\/colegioimaculadaiic.com.br\\\/\"},{\"@type\":\"ListItem\",\"position\":2,\"name\":\"Our Courses\"}]},{\"@type\":\"WebSite\",\"@id\":\"https:\\\/\\\/colegioimaculadaiic.com.br\\\/#website\",\"url\":\"https:\\\/\\\/colegioimaculadaiic.com.br\\\/\",\"name\":\"Col\u00e9gio Imaculada Concei\u00e7\u00e3o\",\"description\":\"\",\"publisher\":{\"@id\":\"https:\\\/\\\/colegioimaculadaiic.com.br\\\/#organization\"},\"potentialAction\":[{\"@type\":\"SearchAction\",\"target\":{\"@type\":\"EntryPoint\",\"urlTemplate\":\"https:\\\/\\\/colegioimaculadaiic.com.br\\\/?s={search_term_string}\"},\"query-input\":{\"@type\":\"PropertyValueSpecification\",\"valueRequired\":true,\"valueName\":\"search_term_string\"}}],\"inLanguage\":\"pt-BR\"},{\"@type\":\"Organization\",\"@id\":\"https:\\\/\\\/colegioimaculadaiic.com.br\\\/#organization\",\"name\":\"Col\u00e9gio Imaculada Concei\u00e7\u00e3o\",\"url\":\"https:\\\/\\\/colegioimaculadaiic.com.br\\\/\",\"logo\":{\"@type\":\"ImageObject\",\"inLanguage\":\"pt-BR\",\"@id\":\"https:\\\/\\\/colegioimaculadaiic.com.br\\\/#\\\/schema\\\/logo\\\/image\\\/\",\"url\":\"https:\\\/\\\/colegioimaculadaiic.com.br\\\/wp-content\\\/uploads\\\/2025\\\/11\\\/cropped-logo.jpg\",\"contentUrl\":\"https:\\\/\\\/colegioimaculadaiic.com.br\\\/wp-content\\\/uploads\\\/2025\\\/11\\\/cropped-logo.jpg\",\"width\":688,\"height\":688,\"caption\":\"Col\u00e9gio Imaculada Concei\u00e7\u00e3o\"},\"image\":{\"@id\":\"https:\\\/\\\/colegioimaculadaiic.com.br\\\/#\\\/schema\\\/logo\\\/image\\\/\"},\"sameAs\":[\"https:\\\/\\\/www.facebook.com\\\/institutoimaculadaconceicao\\\/?locale=pt_BR\",\"https:\\\/\\\/www.instagram.com\\\/institutoimaculadaconceicao\\\/\"]}]}<\/script>\n<!-- \/ Yoast SEO plugin. -->","yoast_head_json":{"title":"Our Courses - Col\u00e9gio Imaculada Concei\u00e7\u00e3o","robots":{"index":"index","follow":"follow","max-snippet":"max-snippet:-1","max-image-preview":"max-image-preview:large","max-video-preview":"max-video-preview:-1"},"canonical":"https:\/\/colegioimaculadaiic.com.br\/index.php\/our-courses\/","og_locale":"pt_BR","og_type":"article","og_title":"Our Courses - Col\u00e9gio Imaculada Concei\u00e7\u00e3o","og_url":"https:\/\/colegioimaculadaiic.com.br\/index.php\/our-courses\/","og_site_name":"Col\u00e9gio Imaculada Concei\u00e7\u00e3o","article_publisher":"https:\/\/www.facebook.com\/institutoimaculadaconceicao\/?locale=pt_BR","twitter_card":"summary_large_image","schema":{"@context":"https:\/\/schema.org","@graph":[{"@type":"WebPage","@id":"https:\/\/colegioimaculadaiic.com.br\/index.php\/our-courses\/","url":"https:\/\/colegioimaculadaiic.com.br\/index.php\/our-courses\/","name":"Our Courses - Col\u00e9gio Imaculada Concei\u00e7\u00e3o","isPartOf":{"@id":"https:\/\/colegioimaculadaiic.com.br\/#website"},"datePublished":"2021-04-19T15:00:30+00:00","breadcrumb":{"@id":"https:\/\/colegioimaculadaiic.com.br\/index.php\/our-courses\/#breadcrumb"},"inLanguage":"pt-BR","potentialAction":[{"@type":"ReadAction","target":["https:\/\/colegioimaculadaiic.com.br\/index.php\/our-courses\/"]}]},{"@type":"BreadcrumbList","@id":"https:\/\/colegioimaculadaiic.com.br\/index.php\/our-courses\/#breadcrumb","itemListElement":[{"@type":"ListItem","position":1,"name":"In\u00edcio","item":"https:\/\/colegioimaculadaiic.com.br\/"},{"@type":"ListItem","position":2,"name":"Our Courses"}]},{"@type":"WebSite","@id":"https:\/\/colegioimaculadaiic.com.br\/#website","url":"https:\/\/colegioimaculadaiic.com.br\/","name":"Col\u00e9gio Imaculada Concei\u00e7\u00e3o","description":"","publisher":{"@id":"https:\/\/colegioimaculadaiic.com.br\/#organization"},"potentialAction":[{"@type":"SearchAction","target":{"@type":"EntryPoint","urlTemplate":"https:\/\/colegioimaculadaiic.com.br\/?s={search_term_string}"},"query-input":{"@type":"PropertyValueSpecification","valueRequired":true,"valueName":"search_term_string"}}],"inLanguage":"pt-BR"},{"@type":"Organization","@id":"https:\/\/colegioimaculadaiic.com.br\/#organization","name":"Col\u00e9gio Imaculada Concei\u00e7\u00e3o","url":"https:\/\/colegioimaculadaiic.com.br\/","logo":{"@type":"ImageObject","inLanguage":"pt-BR","@id":"https:\/\/colegioimaculadaiic.com.br\/#\/schema\/logo\/image\/","url":"https:\/\/colegioimaculadaiic.com.br\/wp-content\/uploads\/2025\/11\/cropped-logo.jpg","contentUrl":"https:\/\/colegioimaculadaiic.com.br\/wp-content\/uploads\/2025\/11\/cropped-logo.jpg","width":688,"height":688,"caption":"Col\u00e9gio Imaculada Concei\u00e7\u00e3o"},"image":{"@id":"https:\/\/colegioimaculadaiic.com.br\/#\/schema\/logo\/image\/"},"sameAs":["https:\/\/www.facebook.com\/institutoimaculadaconceicao\/?locale=pt_BR","https:\/\/www.instagram.com\/institutoimaculadaconceicao\/"]}]}},"_links":{"self":[{"href":"https:\/\/colegioimaculadaiic.com.br\/index.php\/wp-json\/wp\/v2\/pages\/2711","targetHints":{"allow":["GET"]}}],"collection":[{"href":"https:\/\/colegioimaculadaiic.com.br\/index.php\/wp-json\/wp\/v2\/pages"}],"about":[{"href":"https:\/\/colegioimaculadaiic.com.br\/index.php\/wp-json\/wp\/v2\/types\/page"}],"author":[{"embeddable":true,"href":"https:\/\/colegioimaculadaiic.com.br\/index.php\/wp-json\/wp\/v2\/users\/1"}],"replies":[{"embeddable":true,"href":"https:\/\/colegioimaculadaiic.com.br\/index.php\/wp-json\/wp\/v2\/comments?post=2711"}],"version-history":[{"count":0,"href":"https:\/\/colegioimaculadaiic.com.br\/index.php\/wp-json\/wp\/v2\/pages\/2711\/revisions"}],"wp:attachment":[{"href":"https:\/\/colegioimaculadaiic.com.br\/index.php\/wp-json\/wp\/v2\/media?parent=2711"}],"curies":[{"name":"wp","href":"https:\/\/api.w.org\/{rel}","templated":true}]}}