{"id":2753,"date":"2021-04-15T09:29:06","date_gmt":"2021-04-15T09:29:06","guid":{"rendered":"http:\/\/localhost:8888\/educato\/?page_id=9"},"modified":"2026-03-09T23:24:58","modified_gmt":"2026-03-09T23:24:58","slug":"quem-somos","status":"publish","type":"page","link":"https:\/\/colegioimaculadaiic.com.br\/index.php\/quem-somos\/","title":{"rendered":"Quem Somos"},"content":{"rendered":"\t\t<div data-elementor-type=\"wp-page\" data-elementor-id=\"2753\" class=\"elementor elementor-2753\">\n\t\t\t\t\t\t<section class=\"elementor-section elementor-top-section elementor-element elementor-element-fdd6935 elementor-section-full_width elementor-section-height-default elementor-section-height-default\" data-id=\"fdd6935\" data-element_type=\"section\">\n\t\t\t\t\t\t<div class=\"elementor-container elementor-column-gap-no\">\n\t\t\t\t\t<div class=\"elementor-column elementor-col-100 elementor-top-column elementor-element elementor-element-ca30c15\" data-id=\"ca30c15\" data-element_type=\"column\">\n\t\t\t<div class=\"elementor-widget-wrap elementor-element-populated\">\n\t\t\t\t\t\t<div class=\"elementor-element elementor-element-214040b elementor-widget elementor-widget-Elementor-About-widget\" data-id=\"214040b\" data-element_type=\"widget\" data-widget_type=\"Elementor-About-widget.default\">\n\t\t\t\t<div class=\"elementor-widget-container\">\n\t\t\t\t\t <!-- about-area -->\n\n<section id=\"about1\" class=\"about-area about-p pt-70 pb-120 p-relative\" style=\"background: url() no-repeat;background-position: center center;\">\n<div class=\"container\">\n    <div class=\"row align-items-center\">\n         <div class=\"col-lg-6 col-md-12 col-sm-12 pr-30\">\n            <div class=\"s-about-img p-relative\">\n               <img decoding=\"async\" src=\"https:\/\/colegioimaculadaiic.com.br\/wp-content\/uploads\/2026\/01\/a1-Inaug.-do-Predio-do-Colegio-Imaculada-Conceicao-1923.jpg\" alt=\"https:\/\/colegioimaculadaiic.com.br\/wp-content\/uploads\/2026\/01\/a1-Inaug.-do-Predio-do-Colegio-Imaculada-Conceicao-1923.jpg\">      \n                <div class=\"about-text second-about\">\n                    <div class=\"all-text\">\n                        <h3>105<\/h3>                                     <span>Anos de <br> Experi\u00eancia<\/span>                    <\/div>\n                <\/div>\n            <\/div>\n        <\/div>\n         <div class=\"col-lg-6 col-md-12 col-sm-12\">\n                <div class=\"about-content s-about-content\">\n                    <div class=\"about-title second-atitle pb-25\">   \n                        <h5>Quem Somos<\/h5>\n                        <h2>Bem vindo ao Instituto Imaculada Conse\u00e7\u00e3o<\/h2>   \n                    <\/div>\n\n                   <p>Criado h\u00e1 mais de um s\u00e9culo com base nos princ\u00edpios da f\u00e9 cat\u00f3lica e no compromisso com a excel\u00eancia educacional, o Instituto Imaculada Concei\u00e7\u00e3o de Itapetininga tem sido um pilar da comunidade local. Ao longo dos anos, muitos alunos passaram por nossas salas de aula e se tornaram cidad\u00e3os exemplares.<\/p>                    <div class=\"about-content3\">\n                        <div class=\"row\">\n                        <div class=\"col-md-12\">\n                         <ul class=\"green\">\n                              <li>\nMetodologia: A escola adota uma metodologia predominantemente tradicional, utilizando pr\u00e1ticas variadas como o sociointeracionismo, que promove valores humanistas e desenvolve o senso moral e \u00edntegro.<\/li>\n                                                <li>Avalia\u00e7\u00e3o e Desenvolvimento: A aprendizagem \u00e9 acompanhada por diferentes formas de avalia\u00e7\u00e3o, respeitando o ritmo de cada estudante e preparando-os para os desafios acad\u00eamicos e da vida.<\/li>                                                          \n                               <\/ul>\n                        <\/div>\n                        <\/div>\n                    <\/div>\n                   <div class=\"slider-btn mt-30\">                                          \n                                <a href=\"https:\/\/wa.me\/551532710227\" class=\"btn ss-btn\">Fa\u00e7a Parte desta Hist\u00f3ria <\/a>\t\t\t\t\t\n                    <\/div>\n               <\/div>\n        <\/div>\n    <\/div>\n<\/div>\n<\/section>\n\n\n<!-- about-area-end -->\t\t\t\t<\/div>\n\t\t\t\t<\/div>\n\t\t\t\t<div class=\"elementor-element elementor-element-5705c52 elementor-widget elementor-widget-heading\" data-id=\"5705c52\" data-element_type=\"widget\" data-widget_type=\"heading.default\">\n\t\t\t\t\t<h3 class=\"elementor-heading-title elementor-size-default\">Nossos Valores<p>Miss\u00e3o, Vis\u00e3o e Valores<\/p><p>Comprometidos com a forma\u00e7\u00e3o integral de nossos alunos, baseada nos <\/p><p>valores crist\u00e3os e na busca constante pela excel\u00eancia educacional.<\/p><\/h3>\t\t\t\t<\/div>\n\t\t<div class=\"elementor-element elementor-element-9ba8b60 e-grid e-con-boxed e-con e-parent\" data-id=\"9ba8b60\" data-element_type=\"container\">\n\t\t\t\t\t<div class=\"e-con-inner\">\n\t\t\t\t<div class=\"elementor-element elementor-element-6e8353e elementor-widget elementor-widget-text-editor\" data-id=\"6e8353e\" data-element_type=\"widget\" data-widget_type=\"text-editor.default\">\n\t\t\t\t\t\t\t\t\t<div class=\"w-16 h-16 bg-[#FF6B6B] bg-opacity-10 rounded-full flex items-center justify-center mb-6\"><span class=\"text-3xl\">\ud83c\udfaf<\/span><\/div><h3 class=\"text-2xl text-[#2C3E50] mb-4\">Miss\u00e3o<\/h3><p class=\"text-gray-600 leading-relaxed\"><strong>Oferecer educa\u00e7\u00e3o integral que une excel\u00eancia acad\u00eamica, forma\u00e7\u00e3o \u00e9tica e espiritualidade beneditina. Com mais de 105 anos de tradi\u00e7\u00e3o, dedicamo-nos \u00e0 forma\u00e7\u00e3o de pessoas \u00edntegras, conscientes e comprometidas com a vida em sociedade, valorizando a partilha, a coopera\u00e7\u00e3o e a constru\u00e7\u00e3o de valores s\u00f3lidos.<\/strong><\/p>\t\t\t\t\t\t\t\t<\/div>\n\t\t\t\t<div class=\"elementor-element elementor-element-739c1a5 elementor-widget elementor-widget-text-editor\" data-id=\"739c1a5\" data-element_type=\"widget\" data-widget_type=\"text-editor.default\">\n\t\t\t\t\t\t\t\t\t<div class=\"w-16 h-16 bg-[#FF6B6B] bg-opacity-10 rounded-full flex items-center justify-center mb-6\"><span class=\"text-3xl\">\ud83d\udc41<\/span><\/div><h3 class=\"text-2xl text-[#2C3E50] mb-4\">Vis\u00e3o<\/h3><p class=\"text-gray-600 leading-relaxed\"><strong>Sonhamos em ser uma escola que transforma vidas, acolhe com amor, educa com excel\u00eancia e forma cidad\u00e3os conscientes, \u00e9ticos e preparados para os desafios do futuro, \u00e0 luz dos valores crist\u00e3os.<\/strong><\/p>\t\t\t\t\t\t\t\t<\/div>\n\t\t\t\t<div class=\"elementor-element elementor-element-aee9e0c elementor-widget elementor-widget-text-editor\" data-id=\"aee9e0c\" data-element_type=\"widget\" data-widget_type=\"text-editor.default\">\n\t\t\t\t\t\t\t\t\t<div class=\"w-16 h-16 bg-[#FF6B6B] bg-opacity-10 rounded-full flex items-center justify-center mb-6\"><strong><span class=\"text-3xl\">\ud83d\udc8e<\/span><\/strong><\/div><h3 class=\"text-2xl text-[#2C3E50] mb-4\"><strong>Valores<\/strong><\/h3><ul class=\"text-gray-600 space-y-2\"><li class=\"flex items-center gap-2\"><strong>Escuta<\/strong><\/li><li class=\"flex items-center gap-2\"><strong>Respeito<\/strong><\/li><li class=\"flex items-center gap-2\"><strong>Acolhimento<\/strong><\/li><li class=\"flex items-center gap-2\"><strong>Ora\u00e7\u00e3o e Trabalho<\/strong><\/li><li class=\"flex items-center gap-2\"><strong>Compromisso<\/strong><\/li><li class=\"flex items-center gap-2\"><strong>Cuidado Amoroso<\/strong><\/li><li class=\"flex items-center gap-2\"><strong>Presen\u00e7a de Deus<\/strong><\/li><li class=\"flex items-center gap-2\"><strong>Disciplina<\/strong><\/li><li class=\"flex items-center gap-2\"><strong>Humildade<\/strong><\/li><li class=\"flex items-center gap-2\"><strong>Fraternidade<\/strong><\/li><li class=\"flex items-center gap-2\"><strong>Sil\u00eancio<\/strong><\/li><\/ul>\t\t\t\t\t\t\t\t<\/div>\n\t\t\t\t\t<\/div>\n\t\t\t\t<\/div>\n\t\t\t\t\t<\/div>\n\t\t<\/div>\n\t\t\t\t\t<\/div>\n\t\t<\/section>\n\t\t\t\t<section class=\"elementor-section elementor-top-section elementor-element elementor-element-185bd74 elementor-section-full_width elementor-section-height-default elementor-section-height-default\" data-id=\"185bd74\" data-element_type=\"section\">\n\t\t\t\t\t\t<div class=\"elementor-container elementor-column-gap-no\">\n\t\t\t\t\t<div class=\"elementor-column elementor-col-100 elementor-top-column elementor-element elementor-element-5e22fb3\" data-id=\"5e22fb3\" data-element_type=\"column\">\n\t\t\t<div class=\"elementor-widget-wrap elementor-element-populated\">\n\t\t\t\t\t\t<div class=\"elementor-element elementor-element-5c75e4b elementor-widget elementor-widget-Elementor-video-widget\" data-id=\"5c75e4b\" data-element_type=\"widget\" data-widget_type=\"Elementor-video-widget.default\">\n\t\t\t\t<div class=\"elementor-widget-container\">\n\t\t\t\t\t\r\n\r\n\r\n<!-- vedio-area -->     \r\n\r\n\r\n<section id=\"vedio\" class=\"vedio-area pt-120 pb-90 fix\" style=\" background-image: url(); background-repeat: no-repeat;\" >\r\n<div class=\"container\">\r\n    <div class=\"row\">   \r\n        <div class=\"col-lg-12\">\r\n            <div class=\"section-title center-align text-center\">\r\n                <h5>Nosso Col\u00e9gio<\/h5>\r\n                <h2>\r\n                  Veja o que aconteceu!                <\/h2>\r\n            <\/div>\r\n        <\/div>\r\n    <\/div>\r\n    <div class=\"row\">\r\n         <div class=\"col-lg-12 col-md-12\">\r\n           <div class=\"video-img\" style=\"background-image:url(https:\/\/colegioimaculadaiic.com.br\/wp-content\/uploads\/2026\/01\/a1-Inaug.-do-Predio-do-Colegio-Imaculada-Conceicao-1923.jpg); background-repeat: no-repeat; background-position: center;\">\t\t\t\t\t\t\t\t\r\n                    <a href=\"https:\/\/www.youtube.com\/watch?v=YyybsugFNcQ\" class=\"video-i popup-video\"> <img decoding=\"async\" src=\"https:\/\/colegioimaculadaiic.com.br\/wp-content\/uploads\/2025\/12\/play.png\" alt=\"https:\/\/colegioimaculadaiic.com.br\/wp-content\/uploads\/2025\/12\/play.png\" class=\"active-icon\"><\/a>\r\n            <\/div> \r\n        <\/div>\r\n    <\/div>\r\n<\/div>\r\n<\/section>\r\n\r\n\r\n\r\n<!-- vedio-area-end -->\r\n\r\n\r\n\r\n\r\n\r\n\t\t\t\t<\/div>\n\t\t\t\t<\/div>\n\t\t\t\t<div class=\"elementor-element elementor-element-ea2291c elementor-widget elementor-widget-text-editor\" data-id=\"ea2291c\" data-element_type=\"widget\" data-widget_type=\"text-editor.default\">\n\t\t\t\t\t\t\t\t\t<h4><strong>Fundado em 1920 pelas Irm\u00e3s da Imaculada Concei\u00e7\u00e3o, nosso instituto tem uma hist\u00f3ria rica de dedica\u00e7\u00e3o \u00e0 educa\u00e7\u00e3o e forma\u00e7\u00e3o de valores. Ao longo de mais de um s\u00e9culo, temos orgulho de ter contribu\u00eddo para a forma\u00e7\u00e3o de milhares de estudantes que hoje s\u00e3o profissionais de sucesso e cidad\u00e3os exemplares.<\/strong><\/h4><p>,<\/p><h4><strong>Nossa trajet\u00f3ria \u00e9 marcada por constante evolu\u00e7\u00e3o, sempre mantendo vivos os princ\u00edpios que nos fundaram: educa\u00e7\u00e3o de qualidade, valores crist\u00e3os e compromisso com a comunidade de Itapetininga.<\/strong><\/h4>\t\t\t\t\t\t\t\t<\/div>\n\t\t\t\t\t<\/div>\n\t\t<\/div>\n\t\t\t\t\t<\/div>\n\t\t<\/section>\n\t\t\t\t<section class=\"elementor-section elementor-top-section elementor-element elementor-element-7458468 elementor-section-full_width elementor-section-height-default elementor-section-height-default\" data-id=\"7458468\" data-element_type=\"section\">\n\t\t\t\t\t\t<div class=\"elementor-container elementor-column-gap-no\">\n\t\t\t\t\t<div class=\"elementor-column elementor-col-100 elementor-top-column elementor-element elementor-element-73d9998\" data-id=\"73d9998\" data-element_type=\"column\">\n\t\t\t<div class=\"elementor-widget-wrap elementor-element-populated\">\n\t\t\t\t\t\t<div class=\"elementor-element elementor-element-c48f25b elementor-widget elementor-widget-Elementor-Widget-Blog\" data-id=\"c48f25b\" data-element_type=\"widget\" data-widget_type=\"Elementor-Widget-Blog.default\">\n\t\t\t\t<div class=\"elementor-widget-container\">\n\t\t\t\t\t\r\n\r\n\r\n\r\n\r\n \r\n<!-- blog-area -->\r\n\r\n\r\n\r\n<section id=\"blog\" class=\"blog-area  p-relative pt-120 pb-90 fix\" style=\" background-image: url(http:\/\/wordpress.zcube.in\/educato\/wp-content\/uploads\/2021\/04\/blog-bg-aliments.png); background-repeat: no-repeat; background-position: center;\">\r\n<div class=\"container\">\r\n    <div class=\"row align-items-center\"> \r\n        <div class=\"col-lg-12\">\r\n            <div class=\"col-lg-12\">\r\n            <div class=\"section-title center-align text-center mb-50\">\r\n                <h5>Aconteceu<\/h5>\r\n                <h2>\r\n                  \u00faltimos Eventos                 <\/h2>\r\n            <\/div>\r\n        <\/div>\r\n        <\/div>\r\n    <\/div>\r\n    <div class=\"row\">\r\n          \r\n\r\n\r\n<div class=\"col-lg-4 col-md-12\">\r\n    <div class=\"single-post2 mb-30\">\r\n        <div class=\"blog-thumb2\">\r\n           <a href=\"https:\/\/colegioimaculadaiic.com.br\/index.php\/2025\/11\/07\/hello-world\/\"> <img fetchpriority=\"high\" decoding=\"async\" width=\"1170\" height=\"752\" src=\"https:\/\/colegioimaculadaiic.com.br\/wp-content\/uploads\/2026\/01\/Ginasio-1170x752.jpg\" class=\"attachment-educato-featured-large size-educato-featured-large wp-post-image\" alt=\"\" srcset=\"https:\/\/colegioimaculadaiic.com.br\/wp-content\/uploads\/2026\/01\/Ginasio-1170x752.jpg 1170w, https:\/\/colegioimaculadaiic.com.br\/wp-content\/uploads\/2026\/01\/Ginasio-370x238.jpg 370w\" sizes=\"(max-width: 1170px) 100vw, 1170px\" \/><\/a>  \r\n        <\/div>\r\n        <div class=\"blog-content2 text-center\">     \r\n            <div class=\"b-meta\">\r\n               <div class=\"row\">\r\n                     <div class=\"col-lg-12 col-md-12\">\r\n                         <div class=\"date-b\">\r\n                             novembro 7, 2025                         <\/div>\r\n                     <\/div>\r\n                 <\/div>\r\n            <\/div>\r\n         <div class=\"row\">\r\n            <div class=\"col-lg-12\">\r\n             <h4><a href=\"https:\/\/colegioimaculadaiic.com.br\/index.php\/2025\/11\/07\/hello-world\/\">Jogos Beneditinos 2025<\/a><\/h4> \r\n                 <div class=\"blog-btn\"><a href=\"https:\/\/colegioimaculadaiic.com.br\/index.php\/2025\/11\/07\/hello-world\/\"><i class=\"fal fa-chevron-circle-right\"><\/i> Read More<\/a><\/div>               \r\n            <\/div>\r\n        <\/div>\r\n        <\/div>\r\n    <\/div>\r\n<\/div>\r\n\r\n\r\n<div class=\"col-lg-4 col-md-12\">\r\n    <div class=\"single-post2 mb-30\">\r\n        <div class=\"blog-thumb2\">\r\n           <a href=\"https:\/\/colegioimaculadaiic.com.br\/index.php\/2021\/01\/21\/there-are-many-you-how-this-of-available\/\"> <img decoding=\"async\" width=\"1170\" height=\"752\" src=\"https:\/\/colegioimaculadaiic.com.br\/wp-content\/uploads\/2026\/01\/parquinho_infantil-1170x752.jpg\" class=\"attachment-educato-featured-large size-educato-featured-large wp-post-image\" alt=\"\" srcset=\"https:\/\/colegioimaculadaiic.com.br\/wp-content\/uploads\/2026\/01\/parquinho_infantil-1170x752.jpg 1170w, https:\/\/colegioimaculadaiic.com.br\/wp-content\/uploads\/2026\/01\/parquinho_infantil-370x238.jpg 370w\" sizes=\"(max-width: 1170px) 100vw, 1170px\" \/><\/a>  \r\n        <\/div>\r\n        <div class=\"blog-content2 text-center\">     \r\n            <div class=\"b-meta\">\r\n               <div class=\"row\">\r\n                     <div class=\"col-lg-12 col-md-12\">\r\n                         <div class=\"date-b\">\r\n                             janeiro 21, 2021                         <\/div>\r\n                     <\/div>\r\n                 <\/div>\r\n            <\/div>\r\n         <div class=\"row\">\r\n            <div class=\"col-lg-12\">\r\n             <h4><a href=\"https:\/\/colegioimaculadaiic.com.br\/index.php\/2021\/01\/21\/there-are-many-you-how-this-of-available\/\">Festa Junina 2025<\/a><\/h4> \r\n                 <div class=\"blog-btn\"><a href=\"https:\/\/colegioimaculadaiic.com.br\/index.php\/2021\/01\/21\/there-are-many-you-how-this-of-available\/\"><i class=\"fal fa-chevron-circle-right\"><\/i> Read More<\/a><\/div>               \r\n            <\/div>\r\n        <\/div>\r\n        <\/div>\r\n    <\/div>\r\n<\/div>\r\n\r\n\r\n<div class=\"col-lg-4 col-md-12\">\r\n    <div class=\"single-post2 mb-30\">\r\n        <div class=\"blog-thumb2\">\r\n           <a href=\"https:\/\/colegioimaculadaiic.com.br\/index.php\/2021\/01\/21\/user-experience-psychology-and-performance-smshing\/\"> <img decoding=\"async\" width=\"1170\" height=\"752\" src=\"https:\/\/colegioimaculadaiic.com.br\/wp-content\/uploads\/2026\/01\/SalaoSaoBento-1170x752.jpg\" class=\"attachment-educato-featured-large size-educato-featured-large wp-post-image\" alt=\"\" srcset=\"https:\/\/colegioimaculadaiic.com.br\/wp-content\/uploads\/2026\/01\/SalaoSaoBento-1170x752.jpg 1170w, https:\/\/colegioimaculadaiic.com.br\/wp-content\/uploads\/2026\/01\/SalaoSaoBento-370x238.jpg 370w\" sizes=\"(max-width: 1170px) 100vw, 1170px\" \/><\/a>  \r\n        <\/div>\r\n        <div class=\"blog-content2 text-center\">     \r\n            <div class=\"b-meta\">\r\n               <div class=\"row\">\r\n                     <div class=\"col-lg-12 col-md-12\">\r\n                         <div class=\"date-b\">\r\n                             janeiro 21, 2021                         <\/div>\r\n                     <\/div>\r\n                 <\/div>\r\n            <\/div>\r\n         <div class=\"row\">\r\n            <div class=\"col-lg-12\">\r\n             <h4><a href=\"https:\/\/colegioimaculadaiic.com.br\/index.php\/2021\/01\/21\/user-experience-psychology-and-performance-smshing\/\">Apresenta\u00e7\u00e3o de Natal<\/a><\/h4> \r\n                 <div class=\"blog-btn\"><a href=\"https:\/\/colegioimaculadaiic.com.br\/index.php\/2021\/01\/21\/user-experience-psychology-and-performance-smshing\/\"><i class=\"fal fa-chevron-circle-right\"><\/i> Read More<\/a><\/div>               \r\n            <\/div>\r\n        <\/div>\r\n        <\/div>\r\n    <\/div>\r\n<\/div>       \r\n    <\/div>\r\n<\/div>\r\n<\/section>\r\n\r\n\r\n<!-- blog-area-end -->\r\n\r\n\r\n\r\n\t\t\t\t<\/div>\n\t\t\t\t<\/div>\n\t\t\t\t\t<\/div>\n\t\t<\/div>\n\t\t\t\t\t<\/div>\n\t\t<\/section>\n\t\t\t\t<\/div>\n\t\t","protected":false},"excerpt":{"rendered":"<p>Nossos Valores Miss\u00e3o, Vis\u00e3o e Valores Comprometidos com a forma\u00e7\u00e3o integral de nossos alunos, baseada nos valores crist\u00e3os e na busca constante pela excel\u00eancia educacional. \ud83c\udfaf Miss\u00e3o Oferecer educa\u00e7\u00e3o integral que une excel\u00eancia acad\u00eamica, forma\u00e7\u00e3o \u00e9tica e espiritualidade beneditina. Com mais de 105 anos de tradi\u00e7\u00e3o, dedicamo-nos \u00e0 forma\u00e7\u00e3o de pessoas \u00edntegras, conscientes e comprometidas [&hellip;]<\/p>\n","protected":false},"author":1,"featured_media":0,"parent":0,"menu_order":0,"comment_status":"closed","ping_status":"closed","template":"inside.php","meta":{"_monsterinsights_skip_tracking":false,"_monsterinsights_sitenote_active":false,"_monsterinsights_sitenote_note":"","_monsterinsights_sitenote_category":0,"footnotes":""},"class_list":["post-2753","page","type-page","status-publish","hentry"],"yoast_head":"<!-- This site is optimized with the Yoast SEO plugin v27.4 - https:\/\/yoast.com\/product\/yoast-seo-wordpress\/ -->\n<title>Quem Somos - Col\u00e9gio Imaculada Concei\u00e7\u00e3o<\/title>\n<meta name=\"robots\" content=\"index, follow, max-snippet:-1, max-image-preview:large, max-video-preview:-1\" \/>\n<link rel=\"canonical\" href=\"https:\/\/colegioimaculadaiic.com.br\/index.php\/quem-somos\/\" \/>\n<meta property=\"og:locale\" content=\"pt_BR\" \/>\n<meta property=\"og:type\" content=\"article\" \/>\n<meta property=\"og:title\" content=\"Quem Somos - Col\u00e9gio Imaculada Concei\u00e7\u00e3o\" \/>\n<meta property=\"og:description\" content=\"Nossos Valores Miss\u00e3o, Vis\u00e3o e Valores Comprometidos com a forma\u00e7\u00e3o integral de nossos alunos, baseada nos valores crist\u00e3os e na busca constante pela excel\u00eancia educacional. \ud83c\udfaf Miss\u00e3o Oferecer educa\u00e7\u00e3o integral que une excel\u00eancia acad\u00eamica, forma\u00e7\u00e3o \u00e9tica e espiritualidade beneditina. Com mais de 105 anos de tradi\u00e7\u00e3o, dedicamo-nos \u00e0 forma\u00e7\u00e3o de pessoas \u00edntegras, conscientes e comprometidas [&hellip;]\" \/>\n<meta property=\"og:url\" content=\"https:\/\/colegioimaculadaiic.com.br\/index.php\/quem-somos\/\" \/>\n<meta property=\"og:site_name\" content=\"Col\u00e9gio Imaculada Concei\u00e7\u00e3o\" \/>\n<meta property=\"article:publisher\" content=\"https:\/\/www.facebook.com\/institutoimaculadaconceicao\/?locale=pt_BR\" \/>\n<meta property=\"article:modified_time\" content=\"2026-03-09T23:24:58+00:00\" \/>\n<meta name=\"twitter:card\" content=\"summary_large_image\" \/>\n<meta name=\"twitter:label1\" content=\"Est. tempo de leitura\" \/>\n\t<meta name=\"twitter:data1\" content=\"1 minuto\" \/>\n<script type=\"application\/ld+json\" class=\"yoast-schema-graph\">{\"@context\":\"https:\\\/\\\/schema.org\",\"@graph\":[{\"@type\":\"WebPage\",\"@id\":\"https:\\\/\\\/colegioimaculadaiic.com.br\\\/index.php\\\/quem-somos\\\/\",\"url\":\"https:\\\/\\\/colegioimaculadaiic.com.br\\\/index.php\\\/quem-somos\\\/\",\"name\":\"Quem Somos - Col\u00e9gio Imaculada Concei\u00e7\u00e3o\",\"isPartOf\":{\"@id\":\"https:\\\/\\\/colegioimaculadaiic.com.br\\\/#website\"},\"datePublished\":\"2021-04-15T09:29:06+00:00\",\"dateModified\":\"2026-03-09T23:24:58+00:00\",\"breadcrumb\":{\"@id\":\"https:\\\/\\\/colegioimaculadaiic.com.br\\\/index.php\\\/quem-somos\\\/#breadcrumb\"},\"inLanguage\":\"pt-BR\",\"potentialAction\":[{\"@type\":\"ReadAction\",\"target\":[\"https:\\\/\\\/colegioimaculadaiic.com.br\\\/index.php\\\/quem-somos\\\/\"]}]},{\"@type\":\"BreadcrumbList\",\"@id\":\"https:\\\/\\\/colegioimaculadaiic.com.br\\\/index.php\\\/quem-somos\\\/#breadcrumb\",\"itemListElement\":[{\"@type\":\"ListItem\",\"position\":1,\"name\":\"In\u00edcio\",\"item\":\"https:\\\/\\\/colegioimaculadaiic.com.br\\\/\"},{\"@type\":\"ListItem\",\"position\":2,\"name\":\"Quem Somos\"}]},{\"@type\":\"WebSite\",\"@id\":\"https:\\\/\\\/colegioimaculadaiic.com.br\\\/#website\",\"url\":\"https:\\\/\\\/colegioimaculadaiic.com.br\\\/\",\"name\":\"Col\u00e9gio Imaculada Concei\u00e7\u00e3o\",\"description\":\"\",\"publisher\":{\"@id\":\"https:\\\/\\\/colegioimaculadaiic.com.br\\\/#organization\"},\"potentialAction\":[{\"@type\":\"SearchAction\",\"target\":{\"@type\":\"EntryPoint\",\"urlTemplate\":\"https:\\\/\\\/colegioimaculadaiic.com.br\\\/?s={search_term_string}\"},\"query-input\":{\"@type\":\"PropertyValueSpecification\",\"valueRequired\":true,\"valueName\":\"search_term_string\"}}],\"inLanguage\":\"pt-BR\"},{\"@type\":\"Organization\",\"@id\":\"https:\\\/\\\/colegioimaculadaiic.com.br\\\/#organization\",\"name\":\"Col\u00e9gio Imaculada Concei\u00e7\u00e3o\",\"url\":\"https:\\\/\\\/colegioimaculadaiic.com.br\\\/\",\"logo\":{\"@type\":\"ImageObject\",\"inLanguage\":\"pt-BR\",\"@id\":\"https:\\\/\\\/colegioimaculadaiic.com.br\\\/#\\\/schema\\\/logo\\\/image\\\/\",\"url\":\"https:\\\/\\\/colegioimaculadaiic.com.br\\\/wp-content\\\/uploads\\\/2025\\\/11\\\/cropped-logo.jpg\",\"contentUrl\":\"https:\\\/\\\/colegioimaculadaiic.com.br\\\/wp-content\\\/uploads\\\/2025\\\/11\\\/cropped-logo.jpg\",\"width\":688,\"height\":688,\"caption\":\"Col\u00e9gio Imaculada Concei\u00e7\u00e3o\"},\"image\":{\"@id\":\"https:\\\/\\\/colegioimaculadaiic.com.br\\\/#\\\/schema\\\/logo\\\/image\\\/\"},\"sameAs\":[\"https:\\\/\\\/www.facebook.com\\\/institutoimaculadaconceicao\\\/?locale=pt_BR\",\"https:\\\/\\\/www.instagram.com\\\/institutoimaculadaconceicao\\\/\"]}]}<\/script>\n<!-- \/ Yoast SEO plugin. -->","yoast_head_json":{"title":"Quem Somos - Col\u00e9gio Imaculada Concei\u00e7\u00e3o","robots":{"index":"index","follow":"follow","max-snippet":"max-snippet:-1","max-image-preview":"max-image-preview:large","max-video-preview":"max-video-preview:-1"},"canonical":"https:\/\/colegioimaculadaiic.com.br\/index.php\/quem-somos\/","og_locale":"pt_BR","og_type":"article","og_title":"Quem Somos - Col\u00e9gio Imaculada Concei\u00e7\u00e3o","og_description":"Nossos Valores Miss\u00e3o, Vis\u00e3o e Valores Comprometidos com a forma\u00e7\u00e3o integral de nossos alunos, baseada nos valores crist\u00e3os e na busca constante pela excel\u00eancia educacional. \ud83c\udfaf Miss\u00e3o Oferecer educa\u00e7\u00e3o integral que une excel\u00eancia acad\u00eamica, forma\u00e7\u00e3o \u00e9tica e espiritualidade beneditina. Com mais de 105 anos de tradi\u00e7\u00e3o, dedicamo-nos \u00e0 forma\u00e7\u00e3o de pessoas \u00edntegras, conscientes e comprometidas [&hellip;]","og_url":"https:\/\/colegioimaculadaiic.com.br\/index.php\/quem-somos\/","og_site_name":"Col\u00e9gio Imaculada Concei\u00e7\u00e3o","article_publisher":"https:\/\/www.facebook.com\/institutoimaculadaconceicao\/?locale=pt_BR","article_modified_time":"2026-03-09T23:24:58+00:00","twitter_card":"summary_large_image","twitter_misc":{"Est. tempo de leitura":"1 minuto"},"schema":{"@context":"https:\/\/schema.org","@graph":[{"@type":"WebPage","@id":"https:\/\/colegioimaculadaiic.com.br\/index.php\/quem-somos\/","url":"https:\/\/colegioimaculadaiic.com.br\/index.php\/quem-somos\/","name":"Quem Somos - Col\u00e9gio Imaculada Concei\u00e7\u00e3o","isPartOf":{"@id":"https:\/\/colegioimaculadaiic.com.br\/#website"},"datePublished":"2021-04-15T09:29:06+00:00","dateModified":"2026-03-09T23:24:58+00:00","breadcrumb":{"@id":"https:\/\/colegioimaculadaiic.com.br\/index.php\/quem-somos\/#breadcrumb"},"inLanguage":"pt-BR","potentialAction":[{"@type":"ReadAction","target":["https:\/\/colegioimaculadaiic.com.br\/index.php\/quem-somos\/"]}]},{"@type":"BreadcrumbList","@id":"https:\/\/colegioimaculadaiic.com.br\/index.php\/quem-somos\/#breadcrumb","itemListElement":[{"@type":"ListItem","position":1,"name":"In\u00edcio","item":"https:\/\/colegioimaculadaiic.com.br\/"},{"@type":"ListItem","position":2,"name":"Quem Somos"}]},{"@type":"WebSite","@id":"https:\/\/colegioimaculadaiic.com.br\/#website","url":"https:\/\/colegioimaculadaiic.com.br\/","name":"Col\u00e9gio Imaculada Concei\u00e7\u00e3o","description":"","publisher":{"@id":"https:\/\/colegioimaculadaiic.com.br\/#organization"},"potentialAction":[{"@type":"SearchAction","target":{"@type":"EntryPoint","urlTemplate":"https:\/\/colegioimaculadaiic.com.br\/?s={search_term_string}"},"query-input":{"@type":"PropertyValueSpecification","valueRequired":true,"valueName":"search_term_string"}}],"inLanguage":"pt-BR"},{"@type":"Organization","@id":"https:\/\/colegioimaculadaiic.com.br\/#organization","name":"Col\u00e9gio Imaculada Concei\u00e7\u00e3o","url":"https:\/\/colegioimaculadaiic.com.br\/","logo":{"@type":"ImageObject","inLanguage":"pt-BR","@id":"https:\/\/colegioimaculadaiic.com.br\/#\/schema\/logo\/image\/","url":"https:\/\/colegioimaculadaiic.com.br\/wp-content\/uploads\/2025\/11\/cropped-logo.jpg","contentUrl":"https:\/\/colegioimaculadaiic.com.br\/wp-content\/uploads\/2025\/11\/cropped-logo.jpg","width":688,"height":688,"caption":"Col\u00e9gio Imaculada Concei\u00e7\u00e3o"},"image":{"@id":"https:\/\/colegioimaculadaiic.com.br\/#\/schema\/logo\/image\/"},"sameAs":["https:\/\/www.facebook.com\/institutoimaculadaconceicao\/?locale=pt_BR","https:\/\/www.instagram.com\/institutoimaculadaconceicao\/"]}]}},"_links":{"self":[{"href":"https:\/\/colegioimaculadaiic.com.br\/index.php\/wp-json\/wp\/v2\/pages\/2753","targetHints":{"allow":["GET"]}}],"collection":[{"href":"https:\/\/colegioimaculadaiic.com.br\/index.php\/wp-json\/wp\/v2\/pages"}],"about":[{"href":"https:\/\/colegioimaculadaiic.com.br\/index.php\/wp-json\/wp\/v2\/types\/page"}],"author":[{"embeddable":true,"href":"https:\/\/colegioimaculadaiic.com.br\/index.php\/wp-json\/wp\/v2\/users\/1"}],"replies":[{"embeddable":true,"href":"https:\/\/colegioimaculadaiic.com.br\/index.php\/wp-json\/wp\/v2\/comments?post=2753"}],"version-history":[{"count":53,"href":"https:\/\/colegioimaculadaiic.com.br\/index.php\/wp-json\/wp\/v2\/pages\/2753\/revisions"}],"predecessor-version":[{"id":3248,"href":"https:\/\/colegioimaculadaiic.com.br\/index.php\/wp-json\/wp\/v2\/pages\/2753\/revisions\/3248"}],"wp:attachment":[{"href":"https:\/\/colegioimaculadaiic.com.br\/index.php\/wp-json\/wp\/v2\/media?parent=2753"}],"curies":[{"name":"wp","href":"https:\/\/api.w.org\/{rel}","templated":true}]}}