{"id":3063,"date":"2026-01-20T21:39:13","date_gmt":"2026-01-20T21:39:13","guid":{"rendered":"https:\/\/colegioimaculadaiic.com.br\/?page_id=3063"},"modified":"2026-02-09T20:06:44","modified_gmt":"2026-02-09T20:06:44","slug":"105-anos-de-historia","status":"publish","type":"page","link":"https:\/\/colegioimaculadaiic.com.br\/index.php\/105-anos-de-historia\/","title":{"rendered":"105 anos de Hist\u00f3ria"},"content":{"rendered":"\n<p><\/p>\n\n\n\n<p>Mais de um s\u00e9culo de dedica\u00e7\u00e3o \u00e0 educa\u00e7\u00e3o, formando gera\u00e7\u00f5es com excel\u00eancia acad\u00eamica e valores humanos<\/p>\n\n\n\n<p><\/p>\n\n\n\n<div class=\"wp-block-media-text is-stacked-on-mobile\"><figure class=\"wp-block-media-text__media\"><img fetchpriority=\"high\" decoding=\"async\" width=\"768\" height=\"1024\" src=\"https:\/\/colegioimaculadaiic.com.br\/wp-content\/uploads\/2026\/01\/igreja-768x1024.jpg\" alt=\"\" class=\"wp-image-3096 size-full\" srcset=\"https:\/\/colegioimaculadaiic.com.br\/wp-content\/uploads\/2026\/01\/igreja-768x1024.jpg 768w, https:\/\/colegioimaculadaiic.com.br\/wp-content\/uploads\/2026\/01\/igreja-225x300.jpg 225w, https:\/\/colegioimaculadaiic.com.br\/wp-content\/uploads\/2026\/01\/igreja-1152x1536.jpg 1152w, https:\/\/colegioimaculadaiic.com.br\/wp-content\/uploads\/2026\/01\/igreja-1536x2048.jpg 1536w, https:\/\/colegioimaculadaiic.com.br\/wp-content\/uploads\/2026\/01\/igreja-scaled.jpg 1920w\" sizes=\"(max-width: 768px) 100vw, 768px\" \/><\/figure><div class=\"wp-block-media-text__content\">\n<p><strong>1920<\/strong><\/p>\n\n\n\n<h3 class=\"wp-block-heading\">Funda\u00e7\u00e3o do Instituto<\/h3>\n\n\n\n<p>O Instituto Imaculada Concei\u00e7\u00e3o foi fundado pelas Irm\u00e3s da Imaculada Concei\u00e7\u00e3o, trazendo educa\u00e7\u00e3o de qualidade para a regi\u00e3o. Com apenas 30 alunos, iniciou-se uma jornada de dedica\u00e7\u00e3o \u00e0 forma\u00e7\u00e3o integral de crian\u00e7as e jovens.<\/p>\n<\/div><\/div>\n\n\n\n<p><\/p>\n\n\n\n<div class=\"wp-block-media-text has-media-on-the-right is-stacked-on-mobile\"><div class=\"wp-block-media-text__content\">\n<p><strong>1935<\/strong><\/p>\n\n\n\n<p><strong>Expans\u00e3o das Instala\u00e7\u00f5es<\/strong><\/p>\n\n\n\n<p>Constru\u00e7\u00e3o do novo edif\u00edcio principal, com salas de aula amplas e biblioteca. O n\u00famero de alunos cresceu para mais de 200, refletindo a confian\u00e7a da comunidade na qualidade do ensino oferecido.<\/p>\n<\/div><figure class=\"wp-block-media-text__media\"><img decoding=\"async\" width=\"1024\" height=\"647\" src=\"https:\/\/colegioimaculadaiic.com.br\/wp-content\/uploads\/2026\/01\/g2-Colegio-Imaculada-Conceicao-Anos-60-1024x647.jpg\" alt=\"\" class=\"wp-image-3092 size-full\" srcset=\"https:\/\/colegioimaculadaiic.com.br\/wp-content\/uploads\/2026\/01\/g2-Colegio-Imaculada-Conceicao-Anos-60-1024x647.jpg 1024w, https:\/\/colegioimaculadaiic.com.br\/wp-content\/uploads\/2026\/01\/g2-Colegio-Imaculada-Conceicao-Anos-60-300x190.jpg 300w, https:\/\/colegioimaculadaiic.com.br\/wp-content\/uploads\/2026\/01\/g2-Colegio-Imaculada-Conceicao-Anos-60-768x485.jpg 768w, https:\/\/colegioimaculadaiic.com.br\/wp-content\/uploads\/2026\/01\/g2-Colegio-Imaculada-Conceicao-Anos-60.jpg 1181w\" sizes=\"(max-width: 1024px) 100vw, 1024px\" \/><\/figure><\/div>\n\n\n\n<div class=\"wp-block-media-text is-stacked-on-mobile\"><figure class=\"wp-block-media-text__media\"><img decoding=\"async\" width=\"1024\" height=\"647\" src=\"https:\/\/colegioimaculadaiic.com.br\/wp-content\/uploads\/2026\/01\/g2-Colegio-Imaculada-Conceicao-Anos-60-1024x647.jpg\" alt=\"\" class=\"wp-image-3092 size-full\" srcset=\"https:\/\/colegioimaculadaiic.com.br\/wp-content\/uploads\/2026\/01\/g2-Colegio-Imaculada-Conceicao-Anos-60-1024x647.jpg 1024w, https:\/\/colegioimaculadaiic.com.br\/wp-content\/uploads\/2026\/01\/g2-Colegio-Imaculada-Conceicao-Anos-60-300x190.jpg 300w, https:\/\/colegioimaculadaiic.com.br\/wp-content\/uploads\/2026\/01\/g2-Colegio-Imaculada-Conceicao-Anos-60-768x485.jpg 768w, https:\/\/colegioimaculadaiic.com.br\/wp-content\/uploads\/2026\/01\/g2-Colegio-Imaculada-Conceicao-Anos-60.jpg 1181w\" sizes=\"(max-width: 1024px) 100vw, 1024px\" \/><\/figure><div class=\"wp-block-media-text__content\">\n<p><strong>1950<\/strong><\/p>\n\n\n\n<h3 class=\"wp-block-heading\">Reconhecimento Oficial<\/h3>\n\n\n\n<p>A escola recebeu o reconhecimento oficial do Minist\u00e9rio da Educa\u00e7\u00e3o, consolidando sua excel\u00eancia acad\u00eamica. Neste per\u00edodo, foram implementados novos m\u00e9todos pedag\u00f3gicos alinhados com as melhores pr\u00e1ticas educacionais da \u00e9poca.<\/p>\n<\/div><\/div>\n\n\n\n<div class=\"wp-block-media-text has-media-on-the-right is-stacked-on-mobile\"><div class=\"wp-block-media-text__content\">\n<p><strong>1968<\/strong><\/p>\n\n\n\n<h3 class=\"wp-block-heading\">Ensino Secund\u00e1rio<\/h3>\n\n\n\n<p>Implementa\u00e7\u00e3o do ensino secund\u00e1rio completo, permitindo que os alunos completassem toda sua forma\u00e7\u00e3o b\u00e1sica na institui\u00e7\u00e3o. Esta expans\u00e3o incluiu laborat\u00f3rios de ci\u00eancias e salas especializadas.<\/p>\n<\/div><figure class=\"wp-block-media-text__media\"><img decoding=\"async\" width=\"1024\" height=\"647\" src=\"https:\/\/colegioimaculadaiic.com.br\/wp-content\/uploads\/2026\/01\/g2-Colegio-Imaculada-Conceicao-Anos-60-1024x647.jpg\" alt=\"\" class=\"wp-image-3092 size-full\" srcset=\"https:\/\/colegioimaculadaiic.com.br\/wp-content\/uploads\/2026\/01\/g2-Colegio-Imaculada-Conceicao-Anos-60-1024x647.jpg 1024w, https:\/\/colegioimaculadaiic.com.br\/wp-content\/uploads\/2026\/01\/g2-Colegio-Imaculada-Conceicao-Anos-60-300x190.jpg 300w, https:\/\/colegioimaculadaiic.com.br\/wp-content\/uploads\/2026\/01\/g2-Colegio-Imaculada-Conceicao-Anos-60-768x485.jpg 768w, https:\/\/colegioimaculadaiic.com.br\/wp-content\/uploads\/2026\/01\/g2-Colegio-Imaculada-Conceicao-Anos-60.jpg 1181w\" sizes=\"(max-width: 1024px) 100vw, 1024px\" \/><\/figure><\/div>\n\n\n\n<div class=\"wp-block-media-text is-stacked-on-mobile\"><figure class=\"wp-block-media-text__media\"><img decoding=\"async\" width=\"1024\" height=\"647\" src=\"https:\/\/colegioimaculadaiic.com.br\/wp-content\/uploads\/2026\/01\/g2-Colegio-Imaculada-Conceicao-Anos-60-1024x647.jpg\" alt=\"\" class=\"wp-image-3092 size-full\" srcset=\"https:\/\/colegioimaculadaiic.com.br\/wp-content\/uploads\/2026\/01\/g2-Colegio-Imaculada-Conceicao-Anos-60-1024x647.jpg 1024w, https:\/\/colegioimaculadaiic.com.br\/wp-content\/uploads\/2026\/01\/g2-Colegio-Imaculada-Conceicao-Anos-60-300x190.jpg 300w, https:\/\/colegioimaculadaiic.com.br\/wp-content\/uploads\/2026\/01\/g2-Colegio-Imaculada-Conceicao-Anos-60-768x485.jpg 768w, https:\/\/colegioimaculadaiic.com.br\/wp-content\/uploads\/2026\/01\/g2-Colegio-Imaculada-Conceicao-Anos-60.jpg 1181w\" sizes=\"(max-width: 1024px) 100vw, 1024px\" \/><\/figure><div class=\"wp-block-media-text__content\">\n<p><strong>1985<\/strong><\/p>\n\n\n\n<h3 class=\"wp-block-heading\">Moderniza\u00e7\u00e3o Pedag\u00f3gica<\/h3>\n\n\n\n<p>Ado\u00e7\u00e3o de novas metodologias de ensino e introdu\u00e7\u00e3o da inform\u00e1tica educacional. O col\u00e9gio foi pioneiro na regi\u00e3o ao integrar computadores ao processo de aprendizagem, preparando os alunos para os desafios do futuro.<\/p>\n<\/div><\/div>\n\n\n\n<p><strong>1985<\/strong><\/p>\n\n\n\n<h3 class=\"wp-block-heading\">Moderniza\u00e7\u00e3o Pedag\u00f3gica<\/h3>\n\n\n\n<p>Ado\u00e7\u00e3o de novas metodologias de ensino e introdu\u00e7\u00e3o da inform\u00e1tica educacional. O col\u00e9gio foi pioneiro na regi\u00e3o ao integrar computadores ao processo de aprendizagem, preparando os alunos para os desafios do futuro.<\/p>\n\n\n\n<p><strong>2000<\/strong><\/p>\n\n\n\n<h3 class=\"wp-block-heading\">Novo Mil\u00eanio<\/h3>\n\n\n\n<p>Inaugura\u00e7\u00e3o do complexo esportivo e cultural, com quadras poliesportivas, teatro e espa\u00e7os para atividades art\u00edsticas. Consolida\u00e7\u00e3o do projeto pedag\u00f3gico focado na forma\u00e7\u00e3o integral do ser humano.<\/p>\n\n\n\n<p><strong>2020<\/strong><\/p>\n\n\n\n<h3 class=\"wp-block-heading\">Centen\u00e1rio de Dedica\u00e7\u00e3o<\/h3>\n\n\n\n<p>Celebra\u00e7\u00e3o dos 100 anos de hist\u00f3ria, honrando todas as gera\u00e7\u00f5es que passaram pelo Instituto. Implementa\u00e7\u00e3o de ensino h\u00edbrido e tecnologias educacionais de \u00faltima gera\u00e7\u00e3o, mantendo viva a miss\u00e3o de educar com excel\u00eancia e valores crist\u00e3os.<\/p>\n\n\n\n<p><strong>2025<\/strong><\/p>\n\n\n\n<h3 class=\"wp-block-heading\">105 Anos de Excel\u00eancia<\/h3>\n\n\n\n<p>O Instituto Imaculada Concei\u00e7\u00e3o continua sua miss\u00e3o de formar cidad\u00e3os \u00e9ticos, cr\u00edticos e solid\u00e1rios. Com mais de 1000 alunos, mant\u00e9m viva a tradi\u00e7\u00e3o de excel\u00eancia educacional aliada aos valores humanos e crist\u00e3os que nortearam sua funda\u00e7\u00e3o.<\/p>\n\n\n\n<h2 class=\"wp-block-heading\">Registros de \u00c9poca<\/h2>\n\n\n\n<p>Imagens que contam a hist\u00f3ria de mais de um s\u00e9culo de educa\u00e7\u00e3o<\/p>\n\n\n\n<p><\/p>\n\n\n\n<p><\/p>\n\n\n\n<p>Registro da \u00e9poca<\/p>\n\n\n\n<figure class=\"wp-block-gallery has-nested-images columns-default is-cropped wp-block-gallery-1 is-layout-flex wp-block-gallery-is-layout-flex\">\n<figure class=\"wp-block-image size-large\"><img decoding=\"async\" width=\"1024\" height=\"662\" data-id=\"3035\" src=\"https:\/\/colegioimaculadaiic.com.br\/wp-content\/uploads\/2026\/01\/a1-Inaug.-do-Predio-do-Colegio-Imaculada-Conceicao-1923-1024x662.jpg\" alt=\"\" class=\"wp-image-3035\" srcset=\"https:\/\/colegioimaculadaiic.com.br\/wp-content\/uploads\/2026\/01\/a1-Inaug.-do-Predio-do-Colegio-Imaculada-Conceicao-1923-1024x662.jpg 1024w, https:\/\/colegioimaculadaiic.com.br\/wp-content\/uploads\/2026\/01\/a1-Inaug.-do-Predio-do-Colegio-Imaculada-Conceicao-1923-300x194.jpg 300w, https:\/\/colegioimaculadaiic.com.br\/wp-content\/uploads\/2026\/01\/a1-Inaug.-do-Predio-do-Colegio-Imaculada-Conceicao-1923-768x496.jpg 768w, https:\/\/colegioimaculadaiic.com.br\/wp-content\/uploads\/2026\/01\/a1-Inaug.-do-Predio-do-Colegio-Imaculada-Conceicao-1923-370x238.jpg 370w, https:\/\/colegioimaculadaiic.com.br\/wp-content\/uploads\/2026\/01\/a1-Inaug.-do-Predio-do-Colegio-Imaculada-Conceicao-1923.jpg 1181w\" sizes=\"(max-width: 1024px) 100vw, 1024px\" \/><\/figure>\n\n\n\n<figure class=\"wp-block-image size-large\"><img loading=\"lazy\" decoding=\"async\" width=\"677\" height=\"1024\" data-id=\"3085\" src=\"https:\/\/colegioimaculadaiic.com.br\/wp-content\/uploads\/2026\/01\/w7-Hospital-Colegio-Imaculada-Conceicao-Revolucao-1932-677x1024.jpg\" alt=\"\" class=\"wp-image-3085\" srcset=\"https:\/\/colegioimaculadaiic.com.br\/wp-content\/uploads\/2026\/01\/w7-Hospital-Colegio-Imaculada-Conceicao-Revolucao-1932-677x1024.jpg 677w, https:\/\/colegioimaculadaiic.com.br\/wp-content\/uploads\/2026\/01\/w7-Hospital-Colegio-Imaculada-Conceicao-Revolucao-1932-198x300.jpg 198w, https:\/\/colegioimaculadaiic.com.br\/wp-content\/uploads\/2026\/01\/w7-Hospital-Colegio-Imaculada-Conceicao-Revolucao-1932-768x1161.jpg 768w, https:\/\/colegioimaculadaiic.com.br\/wp-content\/uploads\/2026\/01\/w7-Hospital-Colegio-Imaculada-Conceicao-Revolucao-1932.jpg 781w\" sizes=\"(max-width: 677px) 100vw, 677px\" \/><\/figure>\n\n\n\n<figure class=\"wp-block-image size-large\"><img loading=\"lazy\" decoding=\"async\" width=\"1024\" height=\"662\" data-id=\"3036\" src=\"https:\/\/colegioimaculadaiic.com.br\/wp-content\/uploads\/2026\/01\/a2-Colegio-Imaculada-Conceicao-Anos-20-1024x662.jpg\" alt=\"\" class=\"wp-image-3036\" srcset=\"https:\/\/colegioimaculadaiic.com.br\/wp-content\/uploads\/2026\/01\/a2-Colegio-Imaculada-Conceicao-Anos-20-1024x662.jpg 1024w, https:\/\/colegioimaculadaiic.com.br\/wp-content\/uploads\/2026\/01\/a2-Colegio-Imaculada-Conceicao-Anos-20-300x194.jpg 300w, https:\/\/colegioimaculadaiic.com.br\/wp-content\/uploads\/2026\/01\/a2-Colegio-Imaculada-Conceicao-Anos-20-768x496.jpg 768w, https:\/\/colegioimaculadaiic.com.br\/wp-content\/uploads\/2026\/01\/a2-Colegio-Imaculada-Conceicao-Anos-20-370x238.jpg 370w, https:\/\/colegioimaculadaiic.com.br\/wp-content\/uploads\/2026\/01\/a2-Colegio-Imaculada-Conceicao-Anos-20.jpg 1181w\" sizes=\"(max-width: 1024px) 100vw, 1024px\" \/><\/figure>\n\n\n\n<figure class=\"wp-block-image size-large\"><img loading=\"lazy\" decoding=\"async\" width=\"1024\" height=\"662\" data-id=\"3082\" src=\"https:\/\/colegioimaculadaiic.com.br\/wp-content\/uploads\/2026\/01\/w3-Hospital-Colegio-Imaculada-Conceicao-Revolucao-1932-1024x662.jpg\" alt=\"\" class=\"wp-image-3082\" srcset=\"https:\/\/colegioimaculadaiic.com.br\/wp-content\/uploads\/2026\/01\/w3-Hospital-Colegio-Imaculada-Conceicao-Revolucao-1932-1024x662.jpg 1024w, https:\/\/colegioimaculadaiic.com.br\/wp-content\/uploads\/2026\/01\/w3-Hospital-Colegio-Imaculada-Conceicao-Revolucao-1932-300x194.jpg 300w, https:\/\/colegioimaculadaiic.com.br\/wp-content\/uploads\/2026\/01\/w3-Hospital-Colegio-Imaculada-Conceicao-Revolucao-1932-768x496.jpg 768w, https:\/\/colegioimaculadaiic.com.br\/wp-content\/uploads\/2026\/01\/w3-Hospital-Colegio-Imaculada-Conceicao-Revolucao-1932-370x238.jpg 370w, https:\/\/colegioimaculadaiic.com.br\/wp-content\/uploads\/2026\/01\/w3-Hospital-Colegio-Imaculada-Conceicao-Revolucao-1932.jpg 1181w\" sizes=\"(max-width: 1024px) 100vw, 1024px\" \/><\/figure>\n\n\n\n<figure class=\"wp-block-image size-large\"><img loading=\"lazy\" decoding=\"async\" width=\"1024\" height=\"731\" data-id=\"3083\" src=\"https:\/\/colegioimaculadaiic.com.br\/wp-content\/uploads\/2026\/01\/w4-Hospital-Colegio-Imaculada-Conceicao-Revolucao-1932-1024x731.jpg\" alt=\"\" class=\"wp-image-3083\" srcset=\"https:\/\/colegioimaculadaiic.com.br\/wp-content\/uploads\/2026\/01\/w4-Hospital-Colegio-Imaculada-Conceicao-Revolucao-1932-1024x731.jpg 1024w, https:\/\/colegioimaculadaiic.com.br\/wp-content\/uploads\/2026\/01\/w4-Hospital-Colegio-Imaculada-Conceicao-Revolucao-1932-300x214.jpg 300w, https:\/\/colegioimaculadaiic.com.br\/wp-content\/uploads\/2026\/01\/w4-Hospital-Colegio-Imaculada-Conceicao-Revolucao-1932-768x548.jpg 768w, https:\/\/colegioimaculadaiic.com.br\/wp-content\/uploads\/2026\/01\/w4-Hospital-Colegio-Imaculada-Conceicao-Revolucao-1932.jpg 1102w\" sizes=\"(max-width: 1024px) 100vw, 1024px\" \/><\/figure>\n\n\n\n<figure class=\"wp-block-image size-large\"><img loading=\"lazy\" decoding=\"async\" width=\"1024\" height=\"679\" data-id=\"3084\" src=\"https:\/\/colegioimaculadaiic.com.br\/wp-content\/uploads\/2026\/01\/w5-Hospital-Colegio-Imaculada-Conceicao-Revolucao-26-07-1932-1024x679.jpg\" alt=\"\" class=\"wp-image-3084\" srcset=\"https:\/\/colegioimaculadaiic.com.br\/wp-content\/uploads\/2026\/01\/w5-Hospital-Colegio-Imaculada-Conceicao-Revolucao-26-07-1932-1024x679.jpg 1024w, https:\/\/colegioimaculadaiic.com.br\/wp-content\/uploads\/2026\/01\/w5-Hospital-Colegio-Imaculada-Conceicao-Revolucao-26-07-1932-300x199.jpg 300w, https:\/\/colegioimaculadaiic.com.br\/wp-content\/uploads\/2026\/01\/w5-Hospital-Colegio-Imaculada-Conceicao-Revolucao-26-07-1932-768x509.jpg 768w, https:\/\/colegioimaculadaiic.com.br\/wp-content\/uploads\/2026\/01\/w5-Hospital-Colegio-Imaculada-Conceicao-Revolucao-26-07-1932.jpg 1181w\" sizes=\"(max-width: 1024px) 100vw, 1024px\" \/><\/figure>\n\n\n\n<figure class=\"wp-block-image size-large\"><img loading=\"lazy\" decoding=\"async\" width=\"1024\" height=\"669\" data-id=\"3081\" src=\"https:\/\/colegioimaculadaiic.com.br\/wp-content\/uploads\/2026\/01\/w1-Hospital-Colegio-Imaculada-Conceicao-Revolucao-1932-1024x669.jpg\" alt=\"\" class=\"wp-image-3081\" srcset=\"https:\/\/colegioimaculadaiic.com.br\/wp-content\/uploads\/2026\/01\/w1-Hospital-Colegio-Imaculada-Conceicao-Revolucao-1932-1024x669.jpg 1024w, https:\/\/colegioimaculadaiic.com.br\/wp-content\/uploads\/2026\/01\/w1-Hospital-Colegio-Imaculada-Conceicao-Revolucao-1932-300x196.jpg 300w, https:\/\/colegioimaculadaiic.com.br\/wp-content\/uploads\/2026\/01\/w1-Hospital-Colegio-Imaculada-Conceicao-Revolucao-1932-768x502.jpg 768w, https:\/\/colegioimaculadaiic.com.br\/wp-content\/uploads\/2026\/01\/w1-Hospital-Colegio-Imaculada-Conceicao-Revolucao-1932.jpg 1181w\" sizes=\"(max-width: 1024px) 100vw, 1024px\" \/><\/figure>\n\n\n\n<figure class=\"wp-block-image size-large\"><img loading=\"lazy\" decoding=\"async\" width=\"1024\" height=\"639\" data-id=\"3095\" src=\"https:\/\/colegioimaculadaiic.com.br\/wp-content\/uploads\/2026\/01\/i1-Colegio-Imac.-Conceicao-Rua-Cel.-Pedro-Dias-Batista-1928-1024x639.jpg\" alt=\"\" class=\"wp-image-3095\" srcset=\"https:\/\/colegioimaculadaiic.com.br\/wp-content\/uploads\/2026\/01\/i1-Colegio-Imac.-Conceicao-Rua-Cel.-Pedro-Dias-Batista-1928-1024x639.jpg 1024w, https:\/\/colegioimaculadaiic.com.br\/wp-content\/uploads\/2026\/01\/i1-Colegio-Imac.-Conceicao-Rua-Cel.-Pedro-Dias-Batista-1928-300x187.jpg 300w, https:\/\/colegioimaculadaiic.com.br\/wp-content\/uploads\/2026\/01\/i1-Colegio-Imac.-Conceicao-Rua-Cel.-Pedro-Dias-Batista-1928-768x479.jpg 768w, https:\/\/colegioimaculadaiic.com.br\/wp-content\/uploads\/2026\/01\/i1-Colegio-Imac.-Conceicao-Rua-Cel.-Pedro-Dias-Batista-1928.jpg 1181w\" sizes=\"(max-width: 1024px) 100vw, 1024px\" \/><\/figure>\n\n\n\n<figure class=\"wp-block-image size-large\"><img loading=\"lazy\" decoding=\"async\" width=\"1024\" height=\"647\" data-id=\"3092\" src=\"https:\/\/colegioimaculadaiic.com.br\/wp-content\/uploads\/2026\/01\/g2-Colegio-Imaculada-Conceicao-Anos-60-1024x647.jpg\" alt=\"\" class=\"wp-image-3092\" srcset=\"https:\/\/colegioimaculadaiic.com.br\/wp-content\/uploads\/2026\/01\/g2-Colegio-Imaculada-Conceicao-Anos-60-1024x647.jpg 1024w, https:\/\/colegioimaculadaiic.com.br\/wp-content\/uploads\/2026\/01\/g2-Colegio-Imaculada-Conceicao-Anos-60-300x190.jpg 300w, https:\/\/colegioimaculadaiic.com.br\/wp-content\/uploads\/2026\/01\/g2-Colegio-Imaculada-Conceicao-Anos-60-768x485.jpg 768w, https:\/\/colegioimaculadaiic.com.br\/wp-content\/uploads\/2026\/01\/g2-Colegio-Imaculada-Conceicao-Anos-60.jpg 1181w\" sizes=\"(max-width: 1024px) 100vw, 1024px\" \/><\/figure>\n\n\n\n<figure class=\"wp-block-image size-large\"><img loading=\"lazy\" decoding=\"async\" width=\"1024\" height=\"683\" data-id=\"3053\" src=\"https:\/\/colegioimaculadaiic.com.br\/wp-content\/uploads\/2026\/01\/k6-Alunos-do-Colegio-Imaculada-Conceicao-1974-1024x683.jpg\" alt=\"\" class=\"wp-image-3053\" srcset=\"https:\/\/colegioimaculadaiic.com.br\/wp-content\/uploads\/2026\/01\/k6-Alunos-do-Colegio-Imaculada-Conceicao-1974-1024x683.jpg 1024w, https:\/\/colegioimaculadaiic.com.br\/wp-content\/uploads\/2026\/01\/k6-Alunos-do-Colegio-Imaculada-Conceicao-1974-300x200.jpg 300w, https:\/\/colegioimaculadaiic.com.br\/wp-content\/uploads\/2026\/01\/k6-Alunos-do-Colegio-Imaculada-Conceicao-1974-768x512.jpg 768w, https:\/\/colegioimaculadaiic.com.br\/wp-content\/uploads\/2026\/01\/k6-Alunos-do-Colegio-Imaculada-Conceicao-1974.jpg 1183w\" sizes=\"(max-width: 1024px) 100vw, 1024px\" \/><\/figure>\n\n\n\n<figure class=\"wp-block-image size-large\"><img loading=\"lazy\" decoding=\"async\" width=\"1024\" height=\"578\" data-id=\"3054\" src=\"https:\/\/colegioimaculadaiic.com.br\/wp-content\/uploads\/2026\/01\/k8-Alunos-do-Colegio-Imaculada-Conceicao-1974-1024x578.jpg\" alt=\"\" class=\"wp-image-3054\" srcset=\"https:\/\/colegioimaculadaiic.com.br\/wp-content\/uploads\/2026\/01\/k8-Alunos-do-Colegio-Imaculada-Conceicao-1974-1024x578.jpg 1024w, https:\/\/colegioimaculadaiic.com.br\/wp-content\/uploads\/2026\/01\/k8-Alunos-do-Colegio-Imaculada-Conceicao-1974-300x169.jpg 300w, https:\/\/colegioimaculadaiic.com.br\/wp-content\/uploads\/2026\/01\/k8-Alunos-do-Colegio-Imaculada-Conceicao-1974-768x433.jpg 768w, https:\/\/colegioimaculadaiic.com.br\/wp-content\/uploads\/2026\/01\/k8-Alunos-do-Colegio-Imaculada-Conceicao-1974.jpg 1170w\" sizes=\"(max-width: 1024px) 100vw, 1024px\" \/><\/figure>\n<\/figure>\n\n\n\n<details class=\"wp-block-details is-layout-flow wp-block-details-is-layout-flow\"><summary><\/summary>\n<p><\/p>\n<\/details>\n","protected":false},"excerpt":{"rendered":"<p>Mais de um s\u00e9culo de dedica\u00e7\u00e3o \u00e0 educa\u00e7\u00e3o, formando gera\u00e7\u00f5es com excel\u00eancia acad\u00eamica e valores humanos 1920 Funda\u00e7\u00e3o do Instituto O Instituto Imaculada Concei\u00e7\u00e3o foi fundado pelas Irm\u00e3s da Imaculada Concei\u00e7\u00e3o, trazendo educa\u00e7\u00e3o de qualidade para a regi\u00e3o. Com apenas 30 alunos, iniciou-se uma jornada de dedica\u00e7\u00e3o \u00e0 forma\u00e7\u00e3o integral de crian\u00e7as e jovens. 1935 [&hellip;]<\/p>\n","protected":false},"author":1,"featured_media":0,"parent":0,"menu_order":0,"comment_status":"closed","ping_status":"closed","template":"","meta":{"_monsterinsights_skip_tracking":false,"_monsterinsights_sitenote_active":false,"_monsterinsights_sitenote_note":"","_monsterinsights_sitenote_category":0,"footnotes":""},"class_list":["post-3063","page","type-page","status-publish","hentry"],"yoast_head":"<!-- This site is optimized with the Yoast SEO plugin v27.4 - https:\/\/yoast.com\/product\/yoast-seo-wordpress\/ -->\n<title>105 anos de Hist\u00f3ria - Col\u00e9gio Imaculada Concei\u00e7\u00e3o<\/title>\n<meta name=\"robots\" content=\"index, follow, max-snippet:-1, max-image-preview:large, max-video-preview:-1\" \/>\n<link rel=\"canonical\" href=\"https:\/\/colegioimaculadaiic.com.br\/index.php\/105-anos-de-historia\/\" \/>\n<meta property=\"og:locale\" content=\"pt_BR\" \/>\n<meta property=\"og:type\" content=\"article\" \/>\n<meta property=\"og:title\" content=\"105 anos de Hist\u00f3ria - Col\u00e9gio Imaculada Concei\u00e7\u00e3o\" \/>\n<meta property=\"og:description\" content=\"Mais de um s\u00e9culo de dedica\u00e7\u00e3o \u00e0 educa\u00e7\u00e3o, formando gera\u00e7\u00f5es com excel\u00eancia acad\u00eamica e valores humanos 1920 Funda\u00e7\u00e3o do Instituto O Instituto Imaculada Concei\u00e7\u00e3o foi fundado pelas Irm\u00e3s da Imaculada Concei\u00e7\u00e3o, trazendo educa\u00e7\u00e3o de qualidade para a regi\u00e3o. Com apenas 30 alunos, iniciou-se uma jornada de dedica\u00e7\u00e3o \u00e0 forma\u00e7\u00e3o integral de crian\u00e7as e jovens. 1935 [&hellip;]\" \/>\n<meta property=\"og:url\" content=\"https:\/\/colegioimaculadaiic.com.br\/index.php\/105-anos-de-historia\/\" \/>\n<meta property=\"og:site_name\" content=\"Col\u00e9gio Imaculada Concei\u00e7\u00e3o\" \/>\n<meta property=\"article:publisher\" content=\"https:\/\/www.facebook.com\/institutoimaculadaconceicao\/?locale=pt_BR\" \/>\n<meta property=\"article:modified_time\" content=\"2026-02-09T20:06:44+00:00\" \/>\n<meta property=\"og:image\" content=\"https:\/\/colegioimaculadaiic.com.br\/wp-content\/uploads\/2026\/01\/igreja-scaled.jpg\" \/>\n\t<meta property=\"og:image:width\" content=\"1920\" \/>\n\t<meta property=\"og:image:height\" content=\"2560\" \/>\n\t<meta property=\"og:image:type\" content=\"image\/jpeg\" \/>\n<meta name=\"twitter:card\" content=\"summary_large_image\" \/>\n<meta name=\"twitter:label1\" content=\"Est. tempo de leitura\" \/>\n\t<meta name=\"twitter:data1\" content=\"2 minutos\" \/>\n<script type=\"application\/ld+json\" class=\"yoast-schema-graph\">{\"@context\":\"https:\\\/\\\/schema.org\",\"@graph\":[{\"@type\":\"WebPage\",\"@id\":\"https:\\\/\\\/colegioimaculadaiic.com.br\\\/index.php\\\/105-anos-de-historia\\\/\",\"url\":\"https:\\\/\\\/colegioimaculadaiic.com.br\\\/index.php\\\/105-anos-de-historia\\\/\",\"name\":\"105 anos de Hist\u00f3ria - Col\u00e9gio Imaculada Concei\u00e7\u00e3o\",\"isPartOf\":{\"@id\":\"https:\\\/\\\/colegioimaculadaiic.com.br\\\/#website\"},\"primaryImageOfPage\":{\"@id\":\"https:\\\/\\\/colegioimaculadaiic.com.br\\\/index.php\\\/105-anos-de-historia\\\/#primaryimage\"},\"image\":{\"@id\":\"https:\\\/\\\/colegioimaculadaiic.com.br\\\/index.php\\\/105-anos-de-historia\\\/#primaryimage\"},\"thumbnailUrl\":\"https:\\\/\\\/colegioimaculadaiic.com.br\\\/wp-content\\\/uploads\\\/2026\\\/01\\\/igreja-768x1024.jpg\",\"datePublished\":\"2026-01-20T21:39:13+00:00\",\"dateModified\":\"2026-02-09T20:06:44+00:00\",\"breadcrumb\":{\"@id\":\"https:\\\/\\\/colegioimaculadaiic.com.br\\\/index.php\\\/105-anos-de-historia\\\/#breadcrumb\"},\"inLanguage\":\"pt-BR\",\"potentialAction\":[{\"@type\":\"ReadAction\",\"target\":[\"https:\\\/\\\/colegioimaculadaiic.com.br\\\/index.php\\\/105-anos-de-historia\\\/\"]}]},{\"@type\":\"ImageObject\",\"inLanguage\":\"pt-BR\",\"@id\":\"https:\\\/\\\/colegioimaculadaiic.com.br\\\/index.php\\\/105-anos-de-historia\\\/#primaryimage\",\"url\":\"https:\\\/\\\/colegioimaculadaiic.com.br\\\/wp-content\\\/uploads\\\/2026\\\/01\\\/igreja-scaled.jpg\",\"contentUrl\":\"https:\\\/\\\/colegioimaculadaiic.com.br\\\/wp-content\\\/uploads\\\/2026\\\/01\\\/igreja-scaled.jpg\",\"width\":1920,\"height\":2560},{\"@type\":\"BreadcrumbList\",\"@id\":\"https:\\\/\\\/colegioimaculadaiic.com.br\\\/index.php\\\/105-anos-de-historia\\\/#breadcrumb\",\"itemListElement\":[{\"@type\":\"ListItem\",\"position\":1,\"name\":\"In\u00edcio\",\"item\":\"https:\\\/\\\/colegioimaculadaiic.com.br\\\/\"},{\"@type\":\"ListItem\",\"position\":2,\"name\":\"105 anos de Hist\u00f3ria\"}]},{\"@type\":\"WebSite\",\"@id\":\"https:\\\/\\\/colegioimaculadaiic.com.br\\\/#website\",\"url\":\"https:\\\/\\\/colegioimaculadaiic.com.br\\\/\",\"name\":\"Col\u00e9gio Imaculada Concei\u00e7\u00e3o\",\"description\":\"\",\"publisher\":{\"@id\":\"https:\\\/\\\/colegioimaculadaiic.com.br\\\/#organization\"},\"potentialAction\":[{\"@type\":\"SearchAction\",\"target\":{\"@type\":\"EntryPoint\",\"urlTemplate\":\"https:\\\/\\\/colegioimaculadaiic.com.br\\\/?s={search_term_string}\"},\"query-input\":{\"@type\":\"PropertyValueSpecification\",\"valueRequired\":true,\"valueName\":\"search_term_string\"}}],\"inLanguage\":\"pt-BR\"},{\"@type\":\"Organization\",\"@id\":\"https:\\\/\\\/colegioimaculadaiic.com.br\\\/#organization\",\"name\":\"Col\u00e9gio Imaculada Concei\u00e7\u00e3o\",\"url\":\"https:\\\/\\\/colegioimaculadaiic.com.br\\\/\",\"logo\":{\"@type\":\"ImageObject\",\"inLanguage\":\"pt-BR\",\"@id\":\"https:\\\/\\\/colegioimaculadaiic.com.br\\\/#\\\/schema\\\/logo\\\/image\\\/\",\"url\":\"https:\\\/\\\/colegioimaculadaiic.com.br\\\/wp-content\\\/uploads\\\/2025\\\/11\\\/cropped-logo.jpg\",\"contentUrl\":\"https:\\\/\\\/colegioimaculadaiic.com.br\\\/wp-content\\\/uploads\\\/2025\\\/11\\\/cropped-logo.jpg\",\"width\":688,\"height\":688,\"caption\":\"Col\u00e9gio Imaculada Concei\u00e7\u00e3o\"},\"image\":{\"@id\":\"https:\\\/\\\/colegioimaculadaiic.com.br\\\/#\\\/schema\\\/logo\\\/image\\\/\"},\"sameAs\":[\"https:\\\/\\\/www.facebook.com\\\/institutoimaculadaconceicao\\\/?locale=pt_BR\",\"https:\\\/\\\/www.instagram.com\\\/institutoimaculadaconceicao\\\/\"]}]}<\/script>\n<!-- \/ Yoast SEO plugin. -->","yoast_head_json":{"title":"105 anos de Hist\u00f3ria - Col\u00e9gio Imaculada Concei\u00e7\u00e3o","robots":{"index":"index","follow":"follow","max-snippet":"max-snippet:-1","max-image-preview":"max-image-preview:large","max-video-preview":"max-video-preview:-1"},"canonical":"https:\/\/colegioimaculadaiic.com.br\/index.php\/105-anos-de-historia\/","og_locale":"pt_BR","og_type":"article","og_title":"105 anos de Hist\u00f3ria - Col\u00e9gio Imaculada Concei\u00e7\u00e3o","og_description":"Mais de um s\u00e9culo de dedica\u00e7\u00e3o \u00e0 educa\u00e7\u00e3o, formando gera\u00e7\u00f5es com excel\u00eancia acad\u00eamica e valores humanos 1920 Funda\u00e7\u00e3o do Instituto O Instituto Imaculada Concei\u00e7\u00e3o foi fundado pelas Irm\u00e3s da Imaculada Concei\u00e7\u00e3o, trazendo educa\u00e7\u00e3o de qualidade para a regi\u00e3o. Com apenas 30 alunos, iniciou-se uma jornada de dedica\u00e7\u00e3o \u00e0 forma\u00e7\u00e3o integral de crian\u00e7as e jovens. 1935 [&hellip;]","og_url":"https:\/\/colegioimaculadaiic.com.br\/index.php\/105-anos-de-historia\/","og_site_name":"Col\u00e9gio Imaculada Concei\u00e7\u00e3o","article_publisher":"https:\/\/www.facebook.com\/institutoimaculadaconceicao\/?locale=pt_BR","article_modified_time":"2026-02-09T20:06:44+00:00","og_image":[{"width":1920,"height":2560,"url":"https:\/\/colegioimaculadaiic.com.br\/wp-content\/uploads\/2026\/01\/igreja-scaled.jpg","type":"image\/jpeg"}],"twitter_card":"summary_large_image","twitter_misc":{"Est. tempo de leitura":"2 minutos"},"schema":{"@context":"https:\/\/schema.org","@graph":[{"@type":"WebPage","@id":"https:\/\/colegioimaculadaiic.com.br\/index.php\/105-anos-de-historia\/","url":"https:\/\/colegioimaculadaiic.com.br\/index.php\/105-anos-de-historia\/","name":"105 anos de Hist\u00f3ria - Col\u00e9gio Imaculada Concei\u00e7\u00e3o","isPartOf":{"@id":"https:\/\/colegioimaculadaiic.com.br\/#website"},"primaryImageOfPage":{"@id":"https:\/\/colegioimaculadaiic.com.br\/index.php\/105-anos-de-historia\/#primaryimage"},"image":{"@id":"https:\/\/colegioimaculadaiic.com.br\/index.php\/105-anos-de-historia\/#primaryimage"},"thumbnailUrl":"https:\/\/colegioimaculadaiic.com.br\/wp-content\/uploads\/2026\/01\/igreja-768x1024.jpg","datePublished":"2026-01-20T21:39:13+00:00","dateModified":"2026-02-09T20:06:44+00:00","breadcrumb":{"@id":"https:\/\/colegioimaculadaiic.com.br\/index.php\/105-anos-de-historia\/#breadcrumb"},"inLanguage":"pt-BR","potentialAction":[{"@type":"ReadAction","target":["https:\/\/colegioimaculadaiic.com.br\/index.php\/105-anos-de-historia\/"]}]},{"@type":"ImageObject","inLanguage":"pt-BR","@id":"https:\/\/colegioimaculadaiic.com.br\/index.php\/105-anos-de-historia\/#primaryimage","url":"https:\/\/colegioimaculadaiic.com.br\/wp-content\/uploads\/2026\/01\/igreja-scaled.jpg","contentUrl":"https:\/\/colegioimaculadaiic.com.br\/wp-content\/uploads\/2026\/01\/igreja-scaled.jpg","width":1920,"height":2560},{"@type":"BreadcrumbList","@id":"https:\/\/colegioimaculadaiic.com.br\/index.php\/105-anos-de-historia\/#breadcrumb","itemListElement":[{"@type":"ListItem","position":1,"name":"In\u00edcio","item":"https:\/\/colegioimaculadaiic.com.br\/"},{"@type":"ListItem","position":2,"name":"105 anos de Hist\u00f3ria"}]},{"@type":"WebSite","@id":"https:\/\/colegioimaculadaiic.com.br\/#website","url":"https:\/\/colegioimaculadaiic.com.br\/","name":"Col\u00e9gio Imaculada Concei\u00e7\u00e3o","description":"","publisher":{"@id":"https:\/\/colegioimaculadaiic.com.br\/#organization"},"potentialAction":[{"@type":"SearchAction","target":{"@type":"EntryPoint","urlTemplate":"https:\/\/colegioimaculadaiic.com.br\/?s={search_term_string}"},"query-input":{"@type":"PropertyValueSpecification","valueRequired":true,"valueName":"search_term_string"}}],"inLanguage":"pt-BR"},{"@type":"Organization","@id":"https:\/\/colegioimaculadaiic.com.br\/#organization","name":"Col\u00e9gio Imaculada Concei\u00e7\u00e3o","url":"https:\/\/colegioimaculadaiic.com.br\/","logo":{"@type":"ImageObject","inLanguage":"pt-BR","@id":"https:\/\/colegioimaculadaiic.com.br\/#\/schema\/logo\/image\/","url":"https:\/\/colegioimaculadaiic.com.br\/wp-content\/uploads\/2025\/11\/cropped-logo.jpg","contentUrl":"https:\/\/colegioimaculadaiic.com.br\/wp-content\/uploads\/2025\/11\/cropped-logo.jpg","width":688,"height":688,"caption":"Col\u00e9gio Imaculada Concei\u00e7\u00e3o"},"image":{"@id":"https:\/\/colegioimaculadaiic.com.br\/#\/schema\/logo\/image\/"},"sameAs":["https:\/\/www.facebook.com\/institutoimaculadaconceicao\/?locale=pt_BR","https:\/\/www.instagram.com\/institutoimaculadaconceicao\/"]}]}},"_links":{"self":[{"href":"https:\/\/colegioimaculadaiic.com.br\/index.php\/wp-json\/wp\/v2\/pages\/3063","targetHints":{"allow":["GET"]}}],"collection":[{"href":"https:\/\/colegioimaculadaiic.com.br\/index.php\/wp-json\/wp\/v2\/pages"}],"about":[{"href":"https:\/\/colegioimaculadaiic.com.br\/index.php\/wp-json\/wp\/v2\/types\/page"}],"author":[{"embeddable":true,"href":"https:\/\/colegioimaculadaiic.com.br\/index.php\/wp-json\/wp\/v2\/users\/1"}],"replies":[{"embeddable":true,"href":"https:\/\/colegioimaculadaiic.com.br\/index.php\/wp-json\/wp\/v2\/comments?post=3063"}],"version-history":[{"count":4,"href":"https:\/\/colegioimaculadaiic.com.br\/index.php\/wp-json\/wp\/v2\/pages\/3063\/revisions"}],"predecessor-version":[{"id":3120,"href":"https:\/\/colegioimaculadaiic.com.br\/index.php\/wp-json\/wp\/v2\/pages\/3063\/revisions\/3120"}],"wp:attachment":[{"href":"https:\/\/colegioimaculadaiic.com.br\/index.php\/wp-json\/wp\/v2\/media?parent=3063"}],"curies":[{"name":"wp","href":"https:\/\/api.w.org\/{rel}","templated":true}]}}