{"id":3265,"date":"2026-03-31T20:59:28","date_gmt":"2026-03-31T20:59:28","guid":{"rendered":"https:\/\/colegioimaculadaiic.com.br\/?page_id=3265"},"modified":"2026-03-31T21:50:25","modified_gmt":"2026-03-31T21:50:25","slug":"educacao-infantil","status":"publish","type":"page","link":"https:\/\/colegioimaculadaiic.com.br\/index.php\/educacao-infantil\/","title":{"rendered":"Educa\u00e7\u00e3o Infantil"},"content":{"rendered":"\n<h2 class=\"wp-block-heading has-large-font-size\">Lista de Materiais Escolares 2026<\/h2>\n\n\n\n<p><\/p>\n\n\n\n<h2 class=\"wp-block-heading has-large-font-size\"><strong>Ber\u00e7\u00e1rio<\/strong><\/h2>\n\n\n\n<p><\/p>\n\n\n\n<ul class=\"wp-block-list\">\n<li>02 fotos 3&#215;4<\/li>\n\n\n\n<li>\u202203 fotos 10&#215;15 (uma da crian\u00e7a, uma da mam\u00e3e e uma do papai)<\/li>\n\n\n\n<li>\u202201 avental de pl\u00e1stico para pintura<\/li>\n\n\n\n<li>\u202201 revista para recorte<\/li>\n\n\n\n<li>\u202202 colas bast\u00e3o, pequenas<\/li>\n\n\n\n<li>\u202201 caderno de desenho<\/li>\n\n\n\n<li>\u202201 caixa de giz de cera (tipo meu primeiro giz)<\/li>\n\n\n\n<li>\u202201 tela para pintura 20&#215;30<\/li>\n\n\n\n<li>\u202201 livro de hist\u00f3ria de acordo com a faixa et\u00e1ria<\/li>\n<\/ul>\n\n\n\n<p><strong>Material de Higiene<\/strong><\/p>\n\n\n\n<ul class=\"wp-block-list\">\n<li>\u202204 caixas de len\u00e7o de papel<\/li>\n\n\n\n<li>\u202201 shampoo\/ condicionador (caso a crian\u00e7a utilize)<\/li>\n\n\n\n<li>\u202201 sabonete l\u00edquido<\/li>\n\n\n\n<li>\u202201 pacote de algod\u00e3o, pequeno<\/li>\n\n\n\n<li>\u202201 toalha de banho com o nome e saco pl\u00e1stico para envi\u00e1-la diariamente na mochila<\/li>\n<\/ul>\n\n\n\n<p><strong>Para Descanso<\/strong><\/p>\n\n\n\n<ul class=\"wp-block-list\">\n<li>\u202201 len\u00e7ol com el\u00e1stico e sobre len\u00e7ol<\/li>\n\n\n\n<li>\u202201 fronha<\/li>\n\n\n\n<li>\u202201 travesseiro<\/li>\n\n\n\n<li>\u202201 cobertor<\/li>\n\n\n\n<li>\u202201 sacola grande para transportar o enxoval<\/li>\n<\/ul>\n\n\n\n<p><strong>Alimenta\u00e7\u00e3o<\/strong><\/p>\n\n\n\n<ul class=\"wp-block-list\">\n<li>\u2022Leite em p\u00f3 (utilizado pela crian\u00e7a) se mamar<\/li>\n\n\n\n<li>\u202201 copo para \u00e1gua (com tampa 3 furinhos)<\/li>\n\n\n\n<li>\u202201 para suco<\/li>\n\n\n\n<li>\u202201 mamadeira caso a crian\u00e7a utilize<\/li>\n<\/ul>\n\n\n\n<p><strong>Material para Mochila\/Bolsa<\/strong><\/p>\n\n\n\n<ul class=\"wp-block-list\">\n<li>\u2022Fraldas \/ Repelente<\/li>\n\n\n\n<li>\u2022Len\u00e7os umedecidos<\/li>\n\n\n\n<li>\u2022Pomada para assaduras<\/li>\n\n\n\n<li>\u2022Escova ou dedeira dental<\/li>\n\n\n\n<li>\u2022Creme dental<\/li>\n\n\n\n<li>\u2022Toalha de boca<\/li>\n\n\n\n<li>\u2022Necessaire\/ escova ou pente de cabelo<\/li>\n\n\n\n<li>\u2022Trocas de roupa<\/li>\n\n\n\n<li>\u2022Saco pl\u00e1stico para guardar as trocas de roupa suja<\/li>\n<\/ul>\n\n\n\n<p><strong>\ud83d\udcccRecomenda\u00e7\u00f5es<\/strong><\/p>\n\n\n\n<ul class=\"wp-block-list\">\n<li>\u2022Todo o material deve ser identificado com o nome da crian\u00e7a e fase escolar<\/li>\n\n\n\n<li>\u2022O in\u00edcio das aulas ser\u00e1 no dia 26\/01\/2026<\/li>\n\n\n\n<li>\u2022\u00c9 obrigat\u00f3rio que o (a) aluno (a) traje o uniforme escolar completo<\/li>\n\n\n\n<li>\u2022Os materiais poder\u00e3o ser entregues a partir do dia 19\/01\/2026 para serem conferidos e organizados<\/li>\n<\/ul>\n\n\n\n<p><\/p>\n\n\n\n<p><\/p>\n\n\n\n<h2 class=\"wp-block-heading has-large-font-size\"><strong>N\u00edvel 1<\/strong><\/h2>\n\n\n\n<p><\/p>\n\n\n\n<p><strong>Material Escolar<\/strong><\/p>\n\n\n\n<ul class=\"wp-block-list\">\n<li>\u202202 fotos 3&#215;4<\/li>\n\n\n\n<li>\u202202 fotos da fam\u00edlia 10&#215;15 (uma com a figura materna e outra com a figura paterna)<\/li>\n\n\n\n<li>\u202201 fotos 10&#215;15 (horizontal)<\/li>\n\n\n\n<li>\u202201 cola l\u00edquida (90 gramas)<\/li>\n\n\n\n<li>\u202201 l\u00e1pis preto jumbo<\/li>\n\n\n\n<li>\u202201 pasta cat\u00e1logo preta<\/li>\n\n\n\n<li>\u202201 pasta pl\u00e1stica com el\u00e1stico<\/li>\n\n\n\n<li>\u202201 caderno de desenho (espiral 50 folhas)<\/li>\n\n\n\n<li>\u202201 caixa de l\u00e1pis de cor 12 cores (modelo jumbo, formato triangular)<\/li>\n\n\n\n<li>\u202201 borracha<\/li>\n\n\n\n<li>\u202201 cola em bast\u00e3o grande<\/li>\n\n\n\n<li>\u202201 estojo\/bolsinha<\/li>\n\n\n\n<li>\u202201 revista para recorte<\/li>\n\n\n\n<li>\u202201 avental para pintura<\/li>\n\n\n\n<li>\u202201 livro de hist\u00f3ria de acordo com a faixa et\u00e1ria<\/li>\n\n\n\n<li>\u202201 pacote de palito de sorvete (colorido)<\/li>\n\n\n\n<li>\u202201 Pincel broxinha<\/li>\n\n\n\n<li>\u202201 Jornal<\/li>\n<\/ul>\n\n\n\n<p><strong>Material de Higiene<\/strong><\/p>\n\n\n\n<ul class=\"wp-block-list\">\n<li>\u202201 caixa de len\u00e7o de papel<\/li>\n\n\n\n<li>\u202201 necessaire<\/li>\n\n\n\n<li>\u202201 toalha de m\u00e3o<\/li>\n\n\n\n<li>\u202201 escova dental<\/li>\n\n\n\n<li>\u202201 creme dental<\/li>\n\n\n\n<li>\u202201 pente ou escova de cabelo<\/li>\n\n\n\n<li>\u202201 pacote de fralda (se usar, na mochila)<\/li>\n\n\n\n<li>\u202201 pomada (se usar)<\/li>\n\n\n\n<li>\u202201 pacote de len\u00e7o umedecido, grande para os alunos que usam fraldas<\/li>\n\n\n\n<li>\u2022Trocas de roupa e cal\u00e7ado<\/li>\n\n\n\n<li>\u202201 copo para \u00e1gua de prefer\u00eancia familiar<\/li>\n<\/ul>\n\n\n\n<p><strong>\ud83d\udcccRecomenda\u00e7\u00f5es<\/strong><\/p>\n\n\n\n<ul class=\"wp-block-list\">\n<li>\u2022Todo o material deve ser identificado com o nome da crian\u00e7a e fase escolar<\/li>\n\n\n\n<li>\u2022O in\u00edcio das aulas ser\u00e1 no dia 26\/01\/2026<\/li>\n\n\n\n<li>\u2022\u00c9 obrigat\u00f3rio que o (a) aluno (a) traje o uniforme escolar completo<\/li>\n\n\n\n<li>\u2022Os materiais poder\u00e3o ser entregues a partir do dia 19\/01\/2026 para serem conferidos e organizados<\/li>\n<\/ul>\n\n\n\n<p><\/p>\n\n\n\n<p><\/p>\n\n\n\n<h2 class=\"wp-block-heading has-large-font-size\"><strong>N\u00edvel 2<\/strong><\/h2>\n\n\n\n<p><strong>Material Escolar<\/strong><\/p>\n\n\n\n<ul class=\"wp-block-list\">\n<li>\u202202 fotos da fam\u00edlia 10&#215;15 (uma com a figura materna e outra com a figura paterna)<\/li>\n\n\n\n<li>\u202203 fotos da crian\u00e7a 3&#215;4<\/li>\n\n\n\n<li>\u202203 fotos da crian\u00e7a 10&#215;15 (uma horizontal)<\/li>\n\n\n\n<li>\u202201 avental para pintura<\/li>\n\n\n\n<li>\u202202 colas bast\u00e3o, pequena<\/li>\n\n\n\n<li>\u202202 l\u00e1pis modelo triangular, modelo jumbo<\/li>\n\n\n\n<li>\u202201 caixa de l\u00e1pis de cor, modelo jumbo, formato triangular<\/li>\n\n\n\n<li>\u202201 caixa de giz de cera triangular<\/li>\n\n\n\n<li>\u202202 borrachas<\/li>\n\n\n\n<li>\u202201 estojo grande para l\u00e1pis de cor<\/li>\n\n\n\n<li>\u202201 apontador para l\u00e1pis jumbo, triangular, com dep\u00f3sito<\/li>\n\n\n\n<li>\u202201 caderno de desenho grande, capa dura<\/li>\n\n\n\n<li>\u202201 pasta pl\u00e1stica com el\u00e1stico<\/li>\n\n\n\n<li>\u202202 revistas para recorte<\/li>\n\n\n\n<li>\u202201 livro de hist\u00f3ria de acordo com a faixa et\u00e1ria<\/li>\n\n\n\n<li>\u202201 tesoura sem ponta<\/li>\n\n\n\n<li>\u202201 pasta cat\u00e1logo preta<\/li>\n\n\n\n<li>\u202201 pacote de palito de sorvete (colorido)<\/li>\n\n\n\n<li>\u202201 Pincel broxinha<\/li>\n\n\n\n<li>\u202201 Jornal<\/li>\n<\/ul>\n\n\n\n<p><strong>Material de Higiene<\/strong><\/p>\n\n\n\n<ul class=\"wp-block-list\">\n<li>\u202201 caixa de len\u00e7o de papel<\/li>\n\n\n\n<li>\u202201 necessaire<\/li>\n\n\n\n<li>\u202201 toalha de m\u00e3o<\/li>\n\n\n\n<li>\u202201 escova dental<\/li>\n\n\n\n<li>\u202201 creme dental<\/li>\n\n\n\n<li>\u202201 pacote de len\u00e7o umedecido<\/li>\n\n\n\n<li>\u2022Trocas de roupas (na mochila)<\/li>\n\n\n\n<li>\u202201 garrafinha para \u00e1gua<\/li>\n<\/ul>\n\n\n\n<p><strong>\ud83d\udcccRecomenda\u00e7\u00f5es<\/strong><\/p>\n\n\n\n<ul class=\"wp-block-list\">\n<li>\u2022Todo o material deve ser identificado com o nome da crian\u00e7a e fase escolar<\/li>\n\n\n\n<li>\u2022O in\u00edcio das aulas ser\u00e1 no dia 26\/01\/2026<\/li>\n\n\n\n<li>\u2022\u00c9 obrigat\u00f3rio que o (a) aluno (a) traje o uniforme escolar completo<\/li>\n\n\n\n<li>\u2022Os materiais poder\u00e3o ser entregues a partir do dia 19\/01\/2026 para serem conferidos e organizados<\/li>\n<\/ul>\n\n\n\n<p><\/p>\n\n\n\n<h2 class=\"wp-block-heading has-large-font-size\"><strong>N\u00edvel 3<\/strong><\/h2>\n\n\n\n<p><\/p>\n\n\n\n<p><strong>Material Escolar<\/strong><\/p>\n\n\n\n<ul class=\"wp-block-list\">\n<li>\u202201 foto da crian\u00e7a 10&#215;15<\/li>\n\n\n\n<li>\u202201 camiseta (grande e velha para pintura)<\/li>\n\n\n\n<li>\u202202 colas bast\u00e3o grande<\/li>\n\n\n\n<li>\u202201 cola l\u00edquida<\/li>\n\n\n\n<li>\u202202 l\u00e1pis pretos triangulares, modelo jumbo<\/li>\n\n\n\n<li>\u202201 caixa de l\u00e1pis de cor triangular, modelo jumbo<\/li>\n\n\n\n<li>\u202201 jogo de canetas hidrogr\u00e1ficas (12 cores)<\/li>\n\n\n\n<li>\u202202 borrachas<\/li>\n\n\n\n<li>\u202201 tesoura sem ponta<\/li>\n\n\n\n<li>\u202201 estojo grande para l\u00e1pis de cor<\/li>\n\n\n\n<li>\u202201 estojo para canetinhas<\/li>\n\n\n\n<li>\u202201 apontador para l\u00e1pis triangular, jumbo, com deposito<\/li>\n\n\n\n<li>\u202201 pasta pl\u00e1stica com el\u00e1stico<\/li>\n\n\n\n<li>\u202201 revista para recorte<\/li>\n\n\n\n<li>\u202201 livro de hist\u00f3ria de acordo com a faixa et\u00e1ria<\/li>\n\n\n\n<li>\u202201 caixa de giz de cera<\/li>\n\n\n\n<li>\u202201 caderno de desenho<\/li>\n\n\n\n<li>\u202201 pincel broxinha<\/li>\n<\/ul>\n\n\n\n<p><strong>Material de Higiene<\/strong><\/p>\n\n\n\n<ul class=\"wp-block-list\">\n<li>\u202201 caixa de len\u00e7o de papel<\/li>\n\n\n\n<li>\u202201 necessaire<\/li>\n\n\n\n<li>\u202201 toalha de m\u00e3o<\/li>\n\n\n\n<li>\u202201 escova dental<\/li>\n\n\n\n<li>\u202201 creme dental<\/li>\n\n\n\n<li>\u202201 pacote de len\u00e7o umedecido<\/li>\n\n\n\n<li>\u2022Trocas de roupas<\/li>\n\n\n\n<li>\u202201 garrafinha para \u00e1gua<\/li>\n<\/ul>\n\n\n\n<p><strong>\ud83d\udcccRecomenda\u00e7\u00f5es<\/strong><\/p>\n\n\n\n<ul class=\"wp-block-list\">\n<li>\u2022Todo o material deve ser identificado com o nome da crian\u00e7a e fase escolar<\/li>\n\n\n\n<li>\u2022O in\u00edcio das aulas ser\u00e1 no dia 26\/01\/2026<\/li>\n\n\n\n<li>\u2022\u00c9 obrigat\u00f3rio que o (a) aluno (a) traje o uniforme escolar completo<\/li>\n\n\n\n<li>\u2022Os materiais poder\u00e3o ser entregues a partir do dia 19\/01\/2026 para serem conferidos e organizados<\/li>\n<\/ul>\n\n\n\n<p><\/p>\n\n\n\n<p><\/p>\n\n\n\n<h2 class=\"wp-block-heading has-large-font-size\"><strong>N\u00edvel 4<\/strong><\/h2>\n\n\n\n<p><strong>Material Escolar<\/strong><\/p>\n\n\n\n<ul class=\"wp-block-list\">\n<li>\u202201 foto da crian\u00e7a 10&#215;15 (horizontal)<\/li>\n\n\n\n<li>\u202202 fotos da crian\u00e7a 3&#215;4<\/li>\n\n\n\n<li>\u202201 foto com a fam\u00edlia 10&#215;15<\/li>\n\n\n\n<li>\u202202 fotos 10&#215;15 (uma com a figura materna e outra com a figura paterna)<\/li>\n\n\n\n<li>\u202201 camiseta (grande e velha para pintura)<\/li>\n\n\n\n<li>\u202202 colas, bast\u00e3o grande<\/li>\n\n\n\n<li>\u202201 cola l\u00edquida grande<\/li>\n\n\n\n<li>\u202203 l\u00e1pis pretos triangulares, fino<\/li>\n\n\n\n<li>\u202201 livro de hist\u00f3ria de acordo com a faixa et\u00e1ria<\/li>\n\n\n\n<li>\u202201 caixa de l\u00e1pis de cor triangular<\/li>\n\n\n\n<li>\u202201 caixa de giz de cera triangular<\/li>\n\n\n\n<li>\u202201 jogo de canetas hidrogr\u00e1ficas<\/li>\n\n\n\n<li>\u202202 borrachas macias<\/li>\n\n\n\n<li>\u202201 tesoura sem ponta<\/li>\n\n\n\n<li>\u202201 estojo grande para l\u00e1pis de cor<\/li>\n\n\n\n<li>\u202201 estojo para canetinhas<\/li>\n\n\n\n<li>\u202201 apontador com dep\u00f3sito<\/li>\n\n\n\n<li>\u202202 cadernos brochura, grande, capa dura (96 folhas)<\/li>\n\n\n\n<li>\u202201 pasta pl\u00e1stica com el\u00e1stico<\/li>\n\n\n\n<li>\u202201 revistas para recorte<\/li>\n\n\n\n<li>\u202201 caderno de desenho<\/li>\n\n\n\n<li>\u202201 rolinho de pintura pequeno<\/li>\n<\/ul>\n\n\n\n<p><strong>Material de Higiene<\/strong><\/p>\n\n\n\n<ul class=\"wp-block-list\">\n<li>\u202201 caixa de len\u00e7o de papel<\/li>\n\n\n\n<li>\u202201 necessaire<\/li>\n\n\n\n<li>\u202201 toalha de m\u00e3o<\/li>\n\n\n\n<li>\u202201 escova dental<\/li>\n\n\n\n<li>\u202201 creme dental<\/li>\n\n\n\n<li>\u202201 pacote de len\u00e7o umedecido<\/li>\n\n\n\n<li>\u2022Trocas de roupas<\/li>\n\n\n\n<li>\u202201 garrafinha para \u00e1gua<\/li>\n<\/ul>\n\n\n\n<p><strong>\ud83d\udcccRecomenda\u00e7\u00f5es<\/strong><\/p>\n\n\n\n<ul class=\"wp-block-list\">\n<li>\u2022Todo o material deve ser identificado com o nome da crian\u00e7a e fase escolar<\/li>\n\n\n\n<li>\u2022O in\u00edcio das aulas ser\u00e1 no dia 26\/01\/2026<\/li>\n\n\n\n<li>\u2022\u00c9 obrigat\u00f3rio que o (a) aluno (a) traje o uniforme escolar completo<\/li>\n\n\n\n<li>\u2022Os materiais poder\u00e3o ser entregues a partir do dia 19\/01\/2026 para serem conferidos e organizados<\/li>\n<\/ul>\n\n\n\n<p><\/p>\n","protected":false},"excerpt":{"rendered":"<p>Lista de Materiais Escolares 2026 Ber\u00e7\u00e1rio Material de Higiene Para Descanso Alimenta\u00e7\u00e3o Material para Mochila\/Bolsa \ud83d\udcccRecomenda\u00e7\u00f5es N\u00edvel 1 Material Escolar Material de Higiene \ud83d\udcccRecomenda\u00e7\u00f5es N\u00edvel 2 Material Escolar Material de Higiene \ud83d\udcccRecomenda\u00e7\u00f5es N\u00edvel 3 Material Escolar Material de Higiene \ud83d\udcccRecomenda\u00e7\u00f5es N\u00edvel 4 Material Escolar Material de Higiene \ud83d\udcccRecomenda\u00e7\u00f5es<\/p>\n","protected":false},"author":1,"featured_media":0,"parent":0,"menu_order":0,"comment_status":"closed","ping_status":"closed","template":"","meta":{"_monsterinsights_skip_tracking":false,"_monsterinsights_sitenote_active":false,"_monsterinsights_sitenote_note":"","_monsterinsights_sitenote_category":0,"footnotes":""},"class_list":["post-3265","page","type-page","status-publish","hentry"],"yoast_head":"<!-- This site is optimized with the Yoast SEO plugin v27.4 - https:\/\/yoast.com\/product\/yoast-seo-wordpress\/ -->\n<title>Educa\u00e7\u00e3o Infantil - Col\u00e9gio Imaculada Concei\u00e7\u00e3o<\/title>\n<meta name=\"robots\" content=\"index, follow, max-snippet:-1, max-image-preview:large, max-video-preview:-1\" \/>\n<link rel=\"canonical\" href=\"https:\/\/colegioimaculadaiic.com.br\/index.php\/educacao-infantil\/\" \/>\n<meta property=\"og:locale\" content=\"pt_BR\" \/>\n<meta property=\"og:type\" content=\"article\" \/>\n<meta property=\"og:title\" content=\"Educa\u00e7\u00e3o Infantil - Col\u00e9gio Imaculada Concei\u00e7\u00e3o\" \/>\n<meta property=\"og:description\" content=\"Lista de Materiais Escolares 2026 Ber\u00e7\u00e1rio Material de Higiene Para Descanso Alimenta\u00e7\u00e3o Material para Mochila\/Bolsa \ud83d\udcccRecomenda\u00e7\u00f5es N\u00edvel 1 Material Escolar Material de Higiene \ud83d\udcccRecomenda\u00e7\u00f5es N\u00edvel 2 Material Escolar Material de Higiene \ud83d\udcccRecomenda\u00e7\u00f5es N\u00edvel 3 Material Escolar Material de Higiene \ud83d\udcccRecomenda\u00e7\u00f5es N\u00edvel 4 Material Escolar Material de Higiene \ud83d\udcccRecomenda\u00e7\u00f5es\" \/>\n<meta property=\"og:url\" content=\"https:\/\/colegioimaculadaiic.com.br\/index.php\/educacao-infantil\/\" \/>\n<meta property=\"og:site_name\" content=\"Col\u00e9gio Imaculada Concei\u00e7\u00e3o\" \/>\n<meta property=\"article:publisher\" content=\"https:\/\/www.facebook.com\/institutoimaculadaconceicao\/?locale=pt_BR\" \/>\n<meta property=\"article:modified_time\" content=\"2026-03-31T21:50:25+00:00\" \/>\n<meta name=\"twitter:card\" content=\"summary_large_image\" \/>\n<meta name=\"twitter:label1\" content=\"Est. tempo de leitura\" \/>\n\t<meta name=\"twitter:data1\" content=\"5 minutos\" \/>\n<script type=\"application\/ld+json\" class=\"yoast-schema-graph\">{\"@context\":\"https:\\\/\\\/schema.org\",\"@graph\":[{\"@type\":\"WebPage\",\"@id\":\"https:\\\/\\\/colegioimaculadaiic.com.br\\\/index.php\\\/educacao-infantil\\\/\",\"url\":\"https:\\\/\\\/colegioimaculadaiic.com.br\\\/index.php\\\/educacao-infantil\\\/\",\"name\":\"Educa\u00e7\u00e3o Infantil - Col\u00e9gio Imaculada Concei\u00e7\u00e3o\",\"isPartOf\":{\"@id\":\"https:\\\/\\\/colegioimaculadaiic.com.br\\\/#website\"},\"datePublished\":\"2026-03-31T20:59:28+00:00\",\"dateModified\":\"2026-03-31T21:50:25+00:00\",\"breadcrumb\":{\"@id\":\"https:\\\/\\\/colegioimaculadaiic.com.br\\\/index.php\\\/educacao-infantil\\\/#breadcrumb\"},\"inLanguage\":\"pt-BR\",\"potentialAction\":[{\"@type\":\"ReadAction\",\"target\":[\"https:\\\/\\\/colegioimaculadaiic.com.br\\\/index.php\\\/educacao-infantil\\\/\"]}]},{\"@type\":\"BreadcrumbList\",\"@id\":\"https:\\\/\\\/colegioimaculadaiic.com.br\\\/index.php\\\/educacao-infantil\\\/#breadcrumb\",\"itemListElement\":[{\"@type\":\"ListItem\",\"position\":1,\"name\":\"In\u00edcio\",\"item\":\"https:\\\/\\\/colegioimaculadaiic.com.br\\\/\"},{\"@type\":\"ListItem\",\"position\":2,\"name\":\"Educa\u00e7\u00e3o Infantil\"}]},{\"@type\":\"WebSite\",\"@id\":\"https:\\\/\\\/colegioimaculadaiic.com.br\\\/#website\",\"url\":\"https:\\\/\\\/colegioimaculadaiic.com.br\\\/\",\"name\":\"Col\u00e9gio Imaculada Concei\u00e7\u00e3o\",\"description\":\"\",\"publisher\":{\"@id\":\"https:\\\/\\\/colegioimaculadaiic.com.br\\\/#organization\"},\"potentialAction\":[{\"@type\":\"SearchAction\",\"target\":{\"@type\":\"EntryPoint\",\"urlTemplate\":\"https:\\\/\\\/colegioimaculadaiic.com.br\\\/?s={search_term_string}\"},\"query-input\":{\"@type\":\"PropertyValueSpecification\",\"valueRequired\":true,\"valueName\":\"search_term_string\"}}],\"inLanguage\":\"pt-BR\"},{\"@type\":\"Organization\",\"@id\":\"https:\\\/\\\/colegioimaculadaiic.com.br\\\/#organization\",\"name\":\"Col\u00e9gio Imaculada Concei\u00e7\u00e3o\",\"url\":\"https:\\\/\\\/colegioimaculadaiic.com.br\\\/\",\"logo\":{\"@type\":\"ImageObject\",\"inLanguage\":\"pt-BR\",\"@id\":\"https:\\\/\\\/colegioimaculadaiic.com.br\\\/#\\\/schema\\\/logo\\\/image\\\/\",\"url\":\"https:\\\/\\\/colegioimaculadaiic.com.br\\\/wp-content\\\/uploads\\\/2025\\\/11\\\/cropped-logo.jpg\",\"contentUrl\":\"https:\\\/\\\/colegioimaculadaiic.com.br\\\/wp-content\\\/uploads\\\/2025\\\/11\\\/cropped-logo.jpg\",\"width\":688,\"height\":688,\"caption\":\"Col\u00e9gio Imaculada Concei\u00e7\u00e3o\"},\"image\":{\"@id\":\"https:\\\/\\\/colegioimaculadaiic.com.br\\\/#\\\/schema\\\/logo\\\/image\\\/\"},\"sameAs\":[\"https:\\\/\\\/www.facebook.com\\\/institutoimaculadaconceicao\\\/?locale=pt_BR\",\"https:\\\/\\\/www.instagram.com\\\/institutoimaculadaconceicao\\\/\"]}]}<\/script>\n<!-- \/ Yoast SEO plugin. -->","yoast_head_json":{"title":"Educa\u00e7\u00e3o Infantil - Col\u00e9gio Imaculada Concei\u00e7\u00e3o","robots":{"index":"index","follow":"follow","max-snippet":"max-snippet:-1","max-image-preview":"max-image-preview:large","max-video-preview":"max-video-preview:-1"},"canonical":"https:\/\/colegioimaculadaiic.com.br\/index.php\/educacao-infantil\/","og_locale":"pt_BR","og_type":"article","og_title":"Educa\u00e7\u00e3o Infantil - Col\u00e9gio Imaculada Concei\u00e7\u00e3o","og_description":"Lista de Materiais Escolares 2026 Ber\u00e7\u00e1rio Material de Higiene Para Descanso Alimenta\u00e7\u00e3o Material para Mochila\/Bolsa \ud83d\udcccRecomenda\u00e7\u00f5es N\u00edvel 1 Material Escolar Material de Higiene \ud83d\udcccRecomenda\u00e7\u00f5es N\u00edvel 2 Material Escolar Material de Higiene \ud83d\udcccRecomenda\u00e7\u00f5es N\u00edvel 3 Material Escolar Material de Higiene \ud83d\udcccRecomenda\u00e7\u00f5es N\u00edvel 4 Material Escolar Material de Higiene \ud83d\udcccRecomenda\u00e7\u00f5es","og_url":"https:\/\/colegioimaculadaiic.com.br\/index.php\/educacao-infantil\/","og_site_name":"Col\u00e9gio Imaculada Concei\u00e7\u00e3o","article_publisher":"https:\/\/www.facebook.com\/institutoimaculadaconceicao\/?locale=pt_BR","article_modified_time":"2026-03-31T21:50:25+00:00","twitter_card":"summary_large_image","twitter_misc":{"Est. tempo de leitura":"5 minutos"},"schema":{"@context":"https:\/\/schema.org","@graph":[{"@type":"WebPage","@id":"https:\/\/colegioimaculadaiic.com.br\/index.php\/educacao-infantil\/","url":"https:\/\/colegioimaculadaiic.com.br\/index.php\/educacao-infantil\/","name":"Educa\u00e7\u00e3o Infantil - Col\u00e9gio Imaculada Concei\u00e7\u00e3o","isPartOf":{"@id":"https:\/\/colegioimaculadaiic.com.br\/#website"},"datePublished":"2026-03-31T20:59:28+00:00","dateModified":"2026-03-31T21:50:25+00:00","breadcrumb":{"@id":"https:\/\/colegioimaculadaiic.com.br\/index.php\/educacao-infantil\/#breadcrumb"},"inLanguage":"pt-BR","potentialAction":[{"@type":"ReadAction","target":["https:\/\/colegioimaculadaiic.com.br\/index.php\/educacao-infantil\/"]}]},{"@type":"BreadcrumbList","@id":"https:\/\/colegioimaculadaiic.com.br\/index.php\/educacao-infantil\/#breadcrumb","itemListElement":[{"@type":"ListItem","position":1,"name":"In\u00edcio","item":"https:\/\/colegioimaculadaiic.com.br\/"},{"@type":"ListItem","position":2,"name":"Educa\u00e7\u00e3o Infantil"}]},{"@type":"WebSite","@id":"https:\/\/colegioimaculadaiic.com.br\/#website","url":"https:\/\/colegioimaculadaiic.com.br\/","name":"Col\u00e9gio Imaculada Concei\u00e7\u00e3o","description":"","publisher":{"@id":"https:\/\/colegioimaculadaiic.com.br\/#organization"},"potentialAction":[{"@type":"SearchAction","target":{"@type":"EntryPoint","urlTemplate":"https:\/\/colegioimaculadaiic.com.br\/?s={search_term_string}"},"query-input":{"@type":"PropertyValueSpecification","valueRequired":true,"valueName":"search_term_string"}}],"inLanguage":"pt-BR"},{"@type":"Organization","@id":"https:\/\/colegioimaculadaiic.com.br\/#organization","name":"Col\u00e9gio Imaculada Concei\u00e7\u00e3o","url":"https:\/\/colegioimaculadaiic.com.br\/","logo":{"@type":"ImageObject","inLanguage":"pt-BR","@id":"https:\/\/colegioimaculadaiic.com.br\/#\/schema\/logo\/image\/","url":"https:\/\/colegioimaculadaiic.com.br\/wp-content\/uploads\/2025\/11\/cropped-logo.jpg","contentUrl":"https:\/\/colegioimaculadaiic.com.br\/wp-content\/uploads\/2025\/11\/cropped-logo.jpg","width":688,"height":688,"caption":"Col\u00e9gio Imaculada Concei\u00e7\u00e3o"},"image":{"@id":"https:\/\/colegioimaculadaiic.com.br\/#\/schema\/logo\/image\/"},"sameAs":["https:\/\/www.facebook.com\/institutoimaculadaconceicao\/?locale=pt_BR","https:\/\/www.instagram.com\/institutoimaculadaconceicao\/"]}]}},"_links":{"self":[{"href":"https:\/\/colegioimaculadaiic.com.br\/index.php\/wp-json\/wp\/v2\/pages\/3265","targetHints":{"allow":["GET"]}}],"collection":[{"href":"https:\/\/colegioimaculadaiic.com.br\/index.php\/wp-json\/wp\/v2\/pages"}],"about":[{"href":"https:\/\/colegioimaculadaiic.com.br\/index.php\/wp-json\/wp\/v2\/types\/page"}],"author":[{"embeddable":true,"href":"https:\/\/colegioimaculadaiic.com.br\/index.php\/wp-json\/wp\/v2\/users\/1"}],"replies":[{"embeddable":true,"href":"https:\/\/colegioimaculadaiic.com.br\/index.php\/wp-json\/wp\/v2\/comments?post=3265"}],"version-history":[{"count":15,"href":"https:\/\/colegioimaculadaiic.com.br\/index.php\/wp-json\/wp\/v2\/pages\/3265\/revisions"}],"predecessor-version":[{"id":3302,"href":"https:\/\/colegioimaculadaiic.com.br\/index.php\/wp-json\/wp\/v2\/pages\/3265\/revisions\/3302"}],"wp:attachment":[{"href":"https:\/\/colegioimaculadaiic.com.br\/index.php\/wp-json\/wp\/v2\/media?parent=3265"}],"curies":[{"name":"wp","href":"https:\/\/api.w.org\/{rel}","templated":true}]}}